{"id":1098,"date":"2025-01-17T13:49:14","date_gmt":"2025-01-17T12:49:14","guid":{"rendered":"https:\/\/mideer.store\/?page_id=1098"},"modified":"2025-04-10T11:36:53","modified_gmt":"2025-04-10T09:36:53","slug":"politica-de-privacidade","status":"publish","type":"page","link":"https:\/\/mideer.store\/pt\/politica-de-privacidade\/","title":{"rendered":"Pol\u00edtica de privacidade"},"content":{"rendered":"<p><\/p>\n\n\n\n<h3 class=\"wp-block-heading\">I. POL\u00cdTICA DE PRIVACIDADE E PROTEC\u00c7\u00c3O DE DADOS<\/h3>\n\n\n\n<p>Respeitando as disposi\u00e7\u00f5es da legisla\u00e7\u00e3o em vigor, o mideer.es (doravante, tamb\u00e9m Site) compromete-se a adotar as medidas t\u00e9cnicas e organizativas necess\u00e1rias, de acordo com o n\u00edvel de seguran\u00e7a adequado ao risco dos dados recolhidos.<\/p>\n\n\n\n<h4 class=\"wp-block-heading\">Leis incorporadas na presente pol\u00edtica de privacidade<\/h4>\n\n\n\n<p>A presente pol\u00edtica de privacidade est\u00e1 adaptada \u00e0 legisla\u00e7\u00e3o espanhola e europeia em vigor em mat\u00e9ria de prote\u00e7\u00e3o de dados pessoais na Internet. Em concreto, respeita as seguintes normas:<\/p>\n\n\n\n<ul class=\"wp-block-list\">\n<li>Regulamento (UE) 2016\/679 do Parlamento Europeu e do Conselho, de 27 de abril de 2016, relativo \u00e0 prote\u00e7\u00e3o das pessoas singulares no que diz respeito ao tratamento de dados pessoais e \u00e0 livre circula\u00e7\u00e3o desses dados (RGPD).<\/li>\n\n\n\n<li>Lei Org\u00e2nica 3\/2018, de 5 de dezembro, sobre a Prote\u00e7\u00e3o de Dados Pessoais e Garantia dos Direitos Digitais (LOPD-GDD).<\/li>\n\n\n\n<li>Real Decreto 1720\/2007, de 21 de dezembro, pelo qual se aprova o Regulamento de desenvolvimento da Lei Org\u00e2nica 15\/1999, de 13 de dezembro, de Prote\u00e7\u00e3o de Dados de Car\u00e1cter Pessoal (RDLOPD).<\/li>\n\n\n\n<li>Lei 34\/2002, de 11 de julho, sobre Servi\u00e7os da Sociedade da Informa\u00e7\u00e3o e Com\u00e9rcio Eletr\u00f3nico (LSSI-CE).<\/li>\n<\/ul>\n\n\n\n<h4 class=\"wp-block-heading\">Identidade do respons\u00e1vel pelo tratamento dos dados pessoais<\/h4>\n\n\n\n<p>O respons\u00e1vel pelo tratamento dos dados pessoais recolhidos em mideer.es \u00e9: YAMANN Sp. z o.o., titular do N\u00famero de Identifica\u00e7\u00e3o Fiscal: PL8992740275 e registada no: Registo Nacional de Tribunais Polaco (KRS) com o n\u00famero 0000444280 e REGON 022037032, cujo representante \u00e9: Eloy Moreno Gallego (doravante, o Respons\u00e1vel pelo Tratamento de Dados). Os seus dados de contacto s\u00e3o os seguintes:<\/p>\n\n\n\n<p>Endere\u00e7o: Ul. Skrzypowa 1, 54-530 Wroc\u0142aw, Dolno\u015bl\u0105ski, POL\u00d3NIA<\/p>\n\n\n\n<p>N\u00famero de telefone de contacto: +34 961 125 579<\/p>\n\n\n\n<p>Correio eletr\u00f3nico de contacto: hola@mideer.es<\/p>\n\n\n\n<h4 class=\"wp-block-heading\">Registo de dados pessoais<\/h4>\n\n\n\n<p>Em cumprimento do disposto no RGPD e na LOPD-GDD, informamos que os dados pessoais recolhidos pelo mideer.es, atrav\u00e9s dos formul\u00e1rios disponibilizados nas suas p\u00e1ginas, ser\u00e3o incorporados e ser\u00e3o tratados no nosso ficheiro com a finalidade de facilitar, agilizar e cumprir os compromissos estabelecidos entre o mideer.es e o utilizador ou a manuten\u00e7\u00e3o da rela\u00e7\u00e3o estabelecida nos formul\u00e1rios que o utilizador preenche, ou para responder a um pedido ou consulta do mesmo. Da mesma forma, de acordo com as disposi\u00e7\u00f5es do RGPD e da LOPD-GDD, a menos que se aplique a exce\u00e7\u00e3o prevista no artigo 30.5 do RGPD, \u00e9 mantido um registo de actividades de tratamento que especifica, de acordo com as suas finalidades, as actividades de tratamento realizadas e as outras circunst\u00e2ncias estabelecidas no RGPD.<\/p>\n\n\n\n<h4 class=\"wp-block-heading\">Princ\u00edpios aplic\u00e1veis ao tratamento de dados pessoais<\/h4>\n\n\n\n<p>O tratamento dos dados pessoais do Utilizador estar\u00e1 sujeito aos seguintes princ\u00edpios estabelecidos no artigo 5 do RGPD e no artigo 4 e seguintes da Lei Org\u00e2nica 3\/2018, de 5 de dezembro, sobre a Prote\u00e7\u00e3o de Dados Pessoais e a garantia dos direitos digitais:<\/p>\n\n\n\n<ul class=\"wp-block-list\">\n<li>Princ\u00edpio da legalidade, da equidade e da transpar\u00eancia: o consentimento do Utilizador \u00e9 sempre exigido ap\u00f3s informa\u00e7\u00e3o completa e transparente sobre as finalidades para as quais os dados pessoais s\u00e3o recolhidos.<\/li>\n\n\n\n<li>Princ\u00edpio da limita\u00e7\u00e3o da finalidade: os dados pessoais ser\u00e3o recolhidos para fins espec\u00edficos, expl\u00edcitos e leg\u00edtimos.<\/li>\n\n\n\n<li>Princ\u00edpio da minimiza\u00e7\u00e3o dos dados: os dados pessoais recolhidos ser\u00e3o apenas os estritamente necess\u00e1rios para os fins para os quais s\u00e3o tratados.<\/li>\n\n\n\n<li>Princ\u00edpio da exatid\u00e3o: os dados pessoais devem ser exactos e estar sempre actualizados.<\/li>\n\n\n\n<li>Princ\u00edpio da limita\u00e7\u00e3o do per\u00edodo de conserva\u00e7\u00e3o: os dados pessoais s\u00f3 ser\u00e3o conservados de uma forma que permita a identifica\u00e7\u00e3o do Utilizador durante o tempo necess\u00e1rio para efeitos do seu tratamento.<\/li>\n\n\n\n<li>Princ\u00edpio da integridade e da confidencialidade: os dados pessoais devem ser tratados de forma a garantir a sua seguran\u00e7a e confidencialidade.<\/li>\n\n\n\n<li>Princ\u00edpio da responsabilidade pr\u00f3-ativa: o respons\u00e1vel pelo tratamento \u00e9 respons\u00e1vel por assegurar o cumprimento dos princ\u00edpios acima referidos.<\/li>\n<\/ul>\n\n\n\n<h4 class=\"wp-block-heading\">Categorias de dados pessoais<\/h4>\n\n\n\n<p>As categorias de dados processados pelo mideer.es s\u00e3o apenas dados de identifica\u00e7\u00e3o. Em caso algum s\u00e3o tratadas categorias especiais de dados pessoais na ace\u00e7\u00e3o do artigo 9\u00ba do RGPD.<\/p>\n\n\n\n<h4 class=\"wp-block-heading\">Base jur\u00eddica para o tratamento de dados pessoais<\/h4>\n\n\n\n<p>A base legal para o tratamento de dados pessoais \u00e9 o consentimento. O mideer.es compromete-se a obter o consentimento expresso e verific\u00e1vel do utilizador para o tratamento dos seus dados pessoais para uma ou mais finalidades espec\u00edficas.<\/p>\n\n\n\n<p>O Utilizador tem o direito de retirar o seu consentimento em qualquer altura. A retirada do consentimento deve ser t\u00e3o f\u00e1cil como a sua concess\u00e3o. Regra geral, a retirada do consentimento n\u00e3o condiciona a utiliza\u00e7\u00e3o do s\u00edtio Web.<\/p>\n\n\n\n<p>Nas ocasi\u00f5es em que o Utilizador deva ou possa fornecer os seus dados atrav\u00e9s de formul\u00e1rios para realizar consultas, solicitar informa\u00e7\u00f5es ou por motivos relacionados com o conte\u00fado do S\u00edtio Web, ser\u00e1 informado no caso de o preenchimento de algum deles ser obrigat\u00f3rio por ser imprescind\u00edvel para o correto desenvolvimento da opera\u00e7\u00e3o realizada.<\/p>\n\n\n\n<h4 class=\"wp-block-heading\">Finalidades do tratamento para as quais os dados pessoais s\u00e3o utilizados<\/h4>\n\n\n\n<p>Os dados pessoais s\u00e3o recolhidos e geridos pelo mideer.es com o objetivo de facilitar, agilizar e cumprir os compromissos estabelecidos entre o Site e o Utilizador ou para manter a rela\u00e7\u00e3o estabelecida nos formul\u00e1rios preenchidos por este \u00faltimo ou para atender a um pedido ou consulta.<\/p>\n\n\n\n<p>Da mesma forma, os dados poder\u00e3o ser utilizados para fins comerciais, de personaliza\u00e7\u00e3o, operacionais e estat\u00edsticos, e para actividades relacionadas com o objeto social de mideer.es, bem como para a extra\u00e7\u00e3o e armazenamento de dados e estudos de marketing para adaptar os Conte\u00fados oferecidos ao Utilizador, bem como para melhorar a qualidade, o funcionamento e a navega\u00e7\u00e3o do Site.<\/p>\n\n\n\n<p>No momento em que os dados pessoais s\u00e3o recolhidos, o Utilizador ser\u00e1 informado sobre a(s) finalidade(s) espec\u00edfica(s) do tratamento para o qual os dados pessoais ser\u00e3o utilizados, ou seja, a(s) utiliza\u00e7\u00e3o(\u00f5es) a que as informa\u00e7\u00f5es recolhidas ser\u00e3o submetidas.<\/p>\n\n\n\n<h4 class=\"wp-block-heading\">Per\u00edodos de conserva\u00e7\u00e3o dos dados pessoais<\/h4>\n\n\n\n<p>Os dados pessoais ser\u00e3o conservados apenas durante o per\u00edodo m\u00ednimo necess\u00e1rio para efeitos do seu tratamento e, em qualquer caso, apenas durante o seguinte per\u00edodo: 18 meses, ou at\u00e9 que o Utilizador solicite a sua elimina\u00e7\u00e3o.<\/p>\n\n\n\n<p>No momento da obten\u00e7\u00e3o dos dados pessoais, o Utilizador ser\u00e1 informado do per\u00edodo durante o qual os dados pessoais ser\u00e3o conservados ou, se tal n\u00e3o for poss\u00edvel, dos crit\u00e9rios utilizados para determinar esse per\u00edodo.<\/p>\n\n\n\n<h4 class=\"wp-block-heading\">Destinat\u00e1rios dos dados pessoais<\/h4>\n\n\n\n<p>Os dados pessoais do Utilizador ser\u00e3o partilhados com os seguintes destinat\u00e1rios ou categorias de destinat\u00e1rios:<\/p>\n\n\n\n<p>Caso o Respons\u00e1vel pelo Tratamento pretenda transferir dados pessoais para um pa\u00eds terceiro ou uma organiza\u00e7\u00e3o internacional, o Utilizador ser\u00e1 informado, no momento em que os dados pessoais forem obtidos, sobre o pa\u00eds terceiro ou a organiza\u00e7\u00e3o internacional para a qual os dados se destinam a ser transferidos, bem como sobre a exist\u00eancia ou n\u00e3o de uma decis\u00e3o de adequa\u00e7\u00e3o da Comiss\u00e3o.<\/p>\n\n\n\n<h4 class=\"wp-block-heading\">Dados pessoais de menores<\/h4>\n\n\n\n<p>Em conformidade com as disposi\u00e7\u00f5es dos artigos 8 do RGPD e 7 da Lei Org\u00e2nica 3\/2018, de 5 de dezembro, sobre a Prote\u00e7\u00e3o de Dados Pessoais e a garantia dos direitos digitais, apenas as pessoas com mais de 14 anos podem dar o seu consentimento para o tratamento legal dos seus dados pessoais pelo mideer.es. No caso de uma crian\u00e7a menor de 14 anos, \u00e9 necess\u00e1rio o consentimento dos pais ou tutores para o tratamento, e o tratamento s\u00f3 ser\u00e1 considerado l\u00edcito na medida em que os pais ou tutores tenham dado o seu consentimento.<\/p>\n\n\n\n<h4 class=\"wp-block-heading\">Sigilo e seguran\u00e7a dos dados pessoais<\/h4>\n\n\n\n<p>O mideer.es compromete-se a adotar as medidas t\u00e9cnicas e organizativas necess\u00e1rias, de acordo com o n\u00edvel de seguran\u00e7a adequado ao risco dos dados recolhidos, para garantir a seguran\u00e7a dos dados pessoais e evitar a destrui\u00e7\u00e3o, a perda ou a altera\u00e7\u00e3o acidental ou il\u00edcita dos dados pessoais transmitidos, conservados ou sujeitos a qualquer outro tipo de tratamento, bem como a comunica\u00e7\u00e3o ou o acesso n\u00e3o autorizado a esses dados.<\/p>\n\n\n\n<p>O s\u00edtio Web disp\u00f5e de um certificado SSL (Secure Socket Layer), que garante que os dados pessoais s\u00e3o transmitidos de forma segura e confidencial, uma vez que a transmiss\u00e3o de dados entre o servidor e o Utilizador, e em contrapartida, \u00e9 totalmente encriptada ou codificada.<\/p>\n\n\n\n<p>No entanto, uma vez que o mideer.es n\u00e3o pode garantir a inexpugnabilidade da Internet nem a aus\u00eancia total de hackers ou outros que acedam fraudulentamente aos dados pessoais, o Respons\u00e1vel pelo Tratamento compromete-se a notificar o Utilizador, sem demora injustificada, quando ocorrer uma viola\u00e7\u00e3o da seguran\u00e7a dos dados pessoais que seja suscet\u00edvel de representar um elevado risco para os direitos e liberdades das pessoas singulares. Nos termos do artigo 4.\u00ba do RGPD, entende-se por viola\u00e7\u00e3o da seguran\u00e7a dos dados pessoais qualquer viola\u00e7\u00e3o da seguran\u00e7a que provoque, de modo acidental ou il\u00edcito, a destrui\u00e7\u00e3o, a perda ou a altera\u00e7\u00e3o de dados pessoais transmitidos, conservados ou sujeitos a qualquer outro tipo de tratamento, ou a divulga\u00e7\u00e3o ou o acesso, n\u00e3o autorizados, a esses dados.<\/p>\n\n\n\n<p>Os dados pessoais ser\u00e3o tratados como confidenciais pelo respons\u00e1vel pelo tratamento de dados, que se compromete a informar e a garantir, por meio de uma obriga\u00e7\u00e3o legal ou contratual, que essa confidencialidade seja respeitada pelos seus funcion\u00e1rios, parceiros e qualquer outra pessoa a quem torne a informa\u00e7\u00e3o acess\u00edvel.<\/p>\n\n\n\n<h4 class=\"wp-block-heading\">Direitos decorrentes do tratamento de dados pessoais<\/h4>\n\n\n\n<p>O Utilizador tem sobre o mideer.es e pode, portanto, exercer contra o Respons\u00e1vel pelo Tratamento os seguintes direitos reconhecidos no RGPD e na Lei Org\u00e2nica 3\/2018, de 5 de dezembro, sobre a Prote\u00e7\u00e3o de Dados Pessoais e garantia dos direitos digitais:<\/p>\n\n\n\n<ul class=\"wp-block-list\">\n<li><em>Direito de acesso:<\/em> \u00c9 o direito do Utilizador de obter a confirma\u00e7\u00e3o de que o mideer.es est\u00e1 ou n\u00e3o a tratar os seus dados pessoais e, em caso afirmativo, de obter informa\u00e7\u00f5es sobre os seus dados pessoais espec\u00edficos e o tratamento que o mideer.es efectuou ou est\u00e1 a efetuar, bem como, entre outras, as informa\u00e7\u00f5es dispon\u00edveis sobre a origem desses dados e os destinat\u00e1rios das comunica\u00e7\u00f5es efectuadas ou previstas para esses dados.<\/li>\n\n\n\n<li><em>Direito de retifica\u00e7\u00e3o:<\/em> \u00c9 o direito do Utilizador de obter a retifica\u00e7\u00e3o dos seus dados pessoais se estes se revelarem inexactos ou, tendo em conta as finalidades do tratamento, incompletos.<\/li>\n\n\n\n<li><em>Direito de apagamento (\u00abdireito a ser esquecido\u00bb):<\/em> \u00c9 o direito do Utilizador, salvo disposi\u00e7\u00e3o legal em contr\u00e1rio, de obter o apagamento dos seus dados pessoais quando estes deixarem de ser necess\u00e1rios para os fins para que foram recolhidos ou tratados; o Utilizador tiver retirado o seu consentimento para o tratamento e n\u00e3o existir outro fundamento jur\u00eddico para o mesmo o Utilizador se opuser ao tratamento e n\u00e3o existir outro motivo leg\u00edtimo para continuar o tratamento; os dados pessoais tiverem sido tratados ilicitamente; os dados pessoais tiverem de ser apagados em cumprimento de uma obriga\u00e7\u00e3o legal; ou os dados pessoais tiverem sido obtidos em resultado de uma oferta direta de servi\u00e7os da sociedade da informa\u00e7\u00e3o a uma pessoa com menos de 14 anos de idade. Para al\u00e9m do apagamento, o respons\u00e1vel pelo tratamento deve, tendo em conta a tecnologia dispon\u00edvel e os custos da sua aplica\u00e7\u00e3o, tomar medidas razo\u00e1veis para informar os respons\u00e1veis pelo tratamento dos dados pessoais do pedido da pessoa em causa de apagamento de qualquer liga\u00e7\u00e3o a esses dados pessoais.<\/li>\n\n\n\n<li><em>Direito \u00e0 limita\u00e7\u00e3o do tratamento:<\/em> Este \u00e9 o direito do Utilizador de limitar o tratamento dos seus dados pessoais. O Utilizador tem o direito de obter a limita\u00e7\u00e3o do tratamento quando contesta a exatid\u00e3o dos seus dados pessoais; o tratamento \u00e9 ilegal; o Respons\u00e1vel pelo Tratamento j\u00e1 n\u00e3o precisa dos dados pessoais, mas o Utilizador precisa deles para fazer reclama\u00e7\u00f5es; e quando o Utilizador se op\u00f4s ao tratamento.<\/li>\n\n\n\n<li><em>Direito \u00e0 portabilidade dos dados:<\/em> Em caso de tratamento automatizado, o utilizador tem o direito de receber do respons\u00e1vel pelo tratamento os seus dados pessoais num formato estruturado, de uso corrente e de leitura \u00f3tica, e de os transmitir a outro respons\u00e1vel pelo tratamento. Sempre que tecnicamente poss\u00edvel, o respons\u00e1vel pelo tratamento transmite os dados diretamente a esse outro respons\u00e1vel.<\/li>\n\n\n\n<li><em>Direito de oposi\u00e7\u00e3o:<\/em> O Utilizador tem o direito de n\u00e3o ver os seus dados pessoais processados ou de interromper o processamento desses dados pelo mideer.es.<\/li>\n\n\n\n<li><em>O direito de n\u00e3o ser objeto de uma decis\u00e3o baseada exclusivamente no tratamento automatizado, incluindo a defini\u00e7\u00e3o de perfis:<\/em> Trata-se do direito do Utilizador de n\u00e3o ficar sujeito a uma decis\u00e3o individualizada baseada exclusivamente no tratamento automatizado dos seus dados pessoais, incluindo a defini\u00e7\u00e3o de perfis, salvo disposi\u00e7\u00e3o legal em contr\u00e1rio.<\/li>\n<\/ul>\n\n\n\n<p>Por conseguinte, o Utilizador pode exercer os seus direitos atrav\u00e9s de uma comunica\u00e7\u00e3o escrita dirigida ao Respons\u00e1vel pelo Tratamento de Dados com a refer\u00eancia \u00abRGPD-www.mideer.es\u00bb, especificando:<\/p>\n\n\n\n<ul class=\"wp-block-list\">\n<li>Nome, apelido(s) do Utilizador e c\u00f3pia do bilhete de identidade. Nos casos em que \u00e9 permitida a representa\u00e7\u00e3o, ser\u00e1 tamb\u00e9m necess\u00e1rio identificar pelos mesmos meios a pessoa que representa o Utilizador, bem como o documento que acredita a representa\u00e7\u00e3o. A fotoc\u00f3pia do BI pode ser substitu\u00edda por qualquer outro meio legalmente v\u00e1lido que comprove a identidade.<\/li>\n\n\n\n<li>Pedido com raz\u00f5es espec\u00edficas para o pedido ou para a informa\u00e7\u00e3o a aceder.<\/li>\n\n\n\n<li>Endere\u00e7o para efeitos de notifica\u00e7\u00e3o.<\/li>\n\n\n\n<li>Data e assinatura do requerente.<\/li>\n\n\n\n<li>Qualquer documento comprovativo do pedido que est\u00e1 a fazer.<\/li>\n<\/ul>\n\n\n\n<p>A presente candidatura e os eventuais documentos que a acompanham podem ser enviados para o seguinte endere\u00e7o e\/ou endere\u00e7o eletr\u00f3nico<\/p>\n\n\n\n<p>Endere\u00e7o postal: Ul. Skrzypowa 1, 54-530 Wroc\u0142aw, Dolno\u015bl\u0105ski, POL\u00d3NIA<\/p>\n\n\n\n<p>Correio eletr\u00f3nico: hola@mideer.es<\/p>\n\n\n\n<h4 class=\"wp-block-heading\">Liga\u00e7\u00f5es a s\u00edtios Web de terceiros<\/h4>\n\n\n\n<p>O Site pode incluir hiperliga\u00e7\u00f5es ou links que permitem o acesso a p\u00e1ginas web de terceiros diferentes de mideer.es, e que, portanto, n\u00e3o s\u00e3o operadas por mideer.es. Os propriet\u00e1rios destes sites ter\u00e3o as suas pr\u00f3prias pol\u00edticas de prote\u00e7\u00e3o de dados, sendo eles pr\u00f3prios, em cada caso, respons\u00e1veis pelos seus pr\u00f3prios ficheiros e pelas suas pr\u00f3prias pr\u00e1ticas de privacidade.<\/p>\n\n\n\n<h4 class=\"wp-block-heading\">Queixas \u00e0 autoridade de controlo<\/h4>\n\n\n\n<p>Caso o Utilizador considere que existe um problema ou uma viola\u00e7\u00e3o da regulamenta\u00e7\u00e3o em vigor na forma como os seus dados pessoais est\u00e3o a ser tratados, ter\u00e1 direito a uma prote\u00e7\u00e3o judicial eficaz e a apresentar uma queixa a uma autoridade de controlo, em particular, no Estado em que tem a sua resid\u00eancia habitual, local de trabalho ou local da alegada viola\u00e7\u00e3o. No caso de Espanha, a autoridade de controlo \u00e9 a Ag\u00eancia Espanhola de Prote\u00e7\u00e3o de Dados (https:\/\/www.aepd.es\/).<\/p>\n\n\n\n<h3 class=\"wp-block-heading\">II. ACEITA\u00c7\u00c3O E ALTERA\u00c7\u00d5ES \u00c0 PRESENTE POL\u00cdTICA DE PRIVACIDADE<\/h3>\n\n\n\n<p>\u00c9 necess\u00e1rio que o Utilizador tenha lido e aceite as condi\u00e7\u00f5es de prote\u00e7\u00e3o dos dados pessoais contidas na presente Pol\u00edtica de Privacidade, bem como que aceite o tratamento dos seus dados pessoais para que o Respons\u00e1vel pelo Tratamento possa proceder da forma, durante os per\u00edodos e para os fins indicados. A utiliza\u00e7\u00e3o do s\u00edtio Web implica a aceita\u00e7\u00e3o da Pol\u00edtica de Privacidade do mesmo.<\/p>\n\n\n\n<p>O mideer.es reserva-se o direito de modificar a sua Pol\u00edtica de Privacidade, de acordo com os seus pr\u00f3prios crit\u00e9rios, ou motivado por uma altera\u00e7\u00e3o legislativa, jurisprudencial ou doutrinal da Ag\u00eancia Espanhola de Prote\u00e7\u00e3o de Dados. As altera\u00e7\u00f5es ou actualiza\u00e7\u00f5es da presente Pol\u00edtica de Privacidade n\u00e3o ser\u00e3o explicitamente notificadas ao Utilizador. Recomenda-se ao Utilizador que consulte periodicamente esta p\u00e1gina para se manter a par das \u00faltimas altera\u00e7\u00f5es ou actualiza\u00e7\u00f5es.<\/p>\n\n\n\n<p>A presente Pol\u00edtica de Privacidade foi actualizada para se adaptar ao Regulamento (UE) 2016\/679 do Parlamento Europeu e do Conselho, de 27 de abril de 2016, relativo \u00e0 prote\u00e7\u00e3o das pessoas singulares no que diz respeito ao tratamento de dados pessoais e \u00e0 livre circula\u00e7\u00e3o desses dados (RGPD) e \u00e0 Lei Org\u00e2nica 3\/2018, de 5 de dezembro, relativa \u00e0 prote\u00e7\u00e3o dos dados pessoais e \u00e0 garantia dos direitos digitais.<\/p>","protected":false},"excerpt":{"rendered":"<p>I. POL\u00cdTICA DE PRIVACIDAD Y PROTECCI\u00d3N DE DATOS Respetando lo establecido en la legislaci\u00f3n vigente, mideer.es (en adelante, tambi\u00e9n Sitio<\/p>","protected":false},"author":1,"featured_media":0,"parent":0,"menu_order":0,"comment_status":"closed","ping_status":"closed","template":"","meta":{"om_disable_all_campaigns":false,"_monsterinsights_skip_tracking":false,"_monsterinsights_sitenote_active":false,"_monsterinsights_sitenote_note":"","_monsterinsights_sitenote_category":0,"footnotes":"","_links_to":"","_links_to_target":""},"class_list":["post-1098","page","type-page","status-publish","hentry"],"aioseo_notices":[],"_links":{"self":[{"href":"https:\/\/mideer.store\/pt\/wp-json\/wp\/v2\/pages\/1098","targetHints":{"allow":["GET"]}}],"collection":[{"href":"https:\/\/mideer.store\/pt\/wp-json\/wp\/v2\/pages"}],"about":[{"href":"https:\/\/mideer.store\/pt\/wp-json\/wp\/v2\/types\/page"}],"author":[{"embeddable":true,"href":"https:\/\/mideer.store\/pt\/wp-json\/wp\/v2\/users\/1"}],"replies":[{"embeddable":true,"href":"https:\/\/mideer.store\/pt\/wp-json\/wp\/v2\/comments?post=1098"}],"version-history":[{"count":3,"href":"https:\/\/mideer.store\/pt\/wp-json\/wp\/v2\/pages\/1098\/revisions"}],"predecessor-version":[{"id":1369,"href":"https:\/\/mideer.store\/pt\/wp-json\/wp\/v2\/pages\/1098\/revisions\/1369"}],"wp:attachment":[{"href":"https:\/\/mideer.store\/pt\/wp-json\/wp\/v2\/media?parent=1098"}],"curies":[{"name":"wp","href":"https:\/\/api.w.org\/{rel}","templated":true}]}}