{"id":1098,"date":"2025-01-17T13:49:14","date_gmt":"2025-01-17T12:49:14","guid":{"rendered":"https:\/\/mideer.store\/?page_id=1098"},"modified":"2025-04-10T11:36:53","modified_gmt":"2025-04-10T09:36:53","slug":"polityka-prywatnosci","status":"publish","type":"page","link":"https:\/\/mideer.store\/pl\/polityka-prywatnosci\/","title":{"rendered":"Polityka prywatno\u015bci"},"content":{"rendered":"<p><\/p>\n\n\n\n<h3 class=\"wp-block-heading\">I. POLITYKA PRYWATNO\u015aCI I OCHRONY DANYCH<\/h3>\n\n\n\n<p>Przestrzegaj\u0105c przepis\u00f3w obowi\u0105zuj\u0105cego prawa, mideer.es (dalej r\u00f3wnie\u017c Witryna) zobowi\u0105zuje si\u0119 do przyj\u0119cia niezb\u0119dnych \u015brodk\u00f3w technicznych i organizacyjnych, zgodnie z poziomem bezpiecze\u0144stwa odpowiednim do ryzyka gromadzonych danych.<\/p>\n\n\n\n<h4 class=\"wp-block-heading\">Przepisy w\u0142\u0105czone do niniejszej polityki prywatno\u015bci<\/h4>\n\n\n\n<p>Niniejsza polityka prywatno\u015bci jest dostosowana do aktualnych hiszpa\u0144skich i europejskich przepis\u00f3w dotycz\u0105cych ochrony danych osobowych w Internecie. W szczeg\u00f3lno\u015bci przestrzega nast\u0119puj\u0105cych zasad:<\/p>\n\n\n\n<ul class=\"wp-block-list\">\n<li>Rozporz\u0105dzenie Parlamentu Europejskiego i Rady (UE) 2016\/679 z dnia 27 kwietnia 2016 r. w sprawie ochrony os\u00f3b fizycznych w zwi\u0105zku z przetwarzaniem danych osobowych i w sprawie swobodnego przep\u0142ywu takich danych (RODO).<\/li>\n\n\n\n<li>Ustawa organiczna 3\/2018 z dnia 5 grudnia o ochronie danych osobowych i gwarancji praw cyfrowych (LOPD-GDD).<\/li>\n\n\n\n<li>Dekret kr\u00f3lewski 1720\/2007 z dnia 21 grudnia zatwierdzaj\u0105cy rozporz\u0105dzenie wykonawcze do ustawy organicznej 15\/1999 z dnia 13 grudnia o ochronie danych osobowych (RDLOPD).<\/li>\n\n\n\n<li>Ustawa 34\/2002 z dnia 11 lipca o us\u0142ugach spo\u0142ecze\u0144stwa informacyjnego i handlu elektronicznym (LSSI-CE).<\/li>\n<\/ul>\n\n\n\n<h4 class=\"wp-block-heading\">To\u017csamo\u015b\u0107 administratora przetwarzaj\u0105cego dane osobowe<\/h4>\n\n\n\n<p>Administratorem danych osobowych zbieranych na stronie mideer.es jest: YAMANN Sp. z o.o., posiadaj\u0105ca NIP: PL8992740275 i zarejestrowana w: Krajowym Rejestrze S\u0105dowym (KRS) pod numerem 0000444280 oraz REGON 022037032, kt\u00f3rej przedstawicielem jest: Eloy Moreno Gallego (zwany dalej Administratorem Danych). Jego dane kontaktowe s\u0105 nast\u0119puj\u0105ce:<\/p>\n\n\n\n<p>Adres: Ul. Skrzypowa 1, 54-530 Wroc\u0142aw, dolno\u015bl\u0105skie, POLSKA<\/p>\n\n\n\n<p>Numer telefonu kontaktowego: +34 961 125 579<\/p>\n\n\n\n<p>Kontaktowy adres e-mail: hola@mideer.es<\/p>\n\n\n\n<h4 class=\"wp-block-heading\">Rejestr danych osobowych<\/h4>\n\n\n\n<p>Zgodnie z postanowieniami RODO i LOPD-GDD informujemy, \u017ce dane osobowe zebrane przez mideer.es za po\u015brednictwem formularzy udost\u0119pnionych na jego stronach zostan\u0105 w\u0142\u0105czone i b\u0119d\u0105 przetwarzane w naszym pliku w celu u\u0142atwienia, przyspieszenia i wype\u0142nienia zobowi\u0105za\u0144 podj\u0119tych mi\u0119dzy mideer.es a u\u017cytkownikiem lub utrzymania relacji ustanowionej w formularzach, kt\u00f3re u\u017cytkownik wype\u0142nia, lub w celu udzielenia odpowiedzi na wniosek lub zapytanie z tego samego. Podobnie, zgodnie z postanowieniami RGPD i LOPD-GDD, o ile nie ma zastosowania wyj\u0105tek przewidziany w art. 30.5 RGPD, prowadzony jest rejestr czynno\u015bci przetwarzania, kt\u00f3ry okre\u015bla, zgodnie z jego celami, przeprowadzone czynno\u015bci przetwarzania i inne okoliczno\u015bci okre\u015blone w RGPD.<\/p>\n\n\n\n<h4 class=\"wp-block-heading\">Zasady maj\u0105ce zastosowanie do przetwarzania danych osobowych<\/h4>\n\n\n\n<p>Przetwarzanie danych osobowych U\u017cytkownika podlega nast\u0119puj\u0105cym zasadom okre\u015blonym w art. 5 RODO oraz w art. 4 i nast\u0119pnych ustawy organicznej 3\/2018 z dnia 5 grudnia o ochronie danych osobowych i gwarancji praw cyfrowych:<\/p>\n\n\n\n<ul class=\"wp-block-list\">\n<li>Zasada zgodno\u015bci z prawem, uczciwo\u015bci i przejrzysto\u015bci: zgoda U\u017cytkownika jest wymagana zawsze po uzyskaniu pe\u0142nych i przejrzystych informacji na temat cel\u00f3w, dla kt\u00f3rych dane osobowe s\u0105 gromadzone.<\/li>\n\n\n\n<li>Zasada ograniczenia celu: dane osobowe b\u0119d\u0105 gromadzone w okre\u015blonych, wyra\u017anych i zgodnych z prawem celach.<\/li>\n\n\n\n<li>Zasada minimalizacji danych: gromadzone dane osobowe to tylko te, kt\u00f3re s\u0105 absolutnie niezb\u0119dne do cel\u00f3w, dla kt\u00f3rych s\u0105 przetwarzane.<\/li>\n\n\n\n<li>Zasada dok\u0142adno\u015bci: dane osobowe musz\u0105 by\u0107 dok\u0142adne i zawsze aktualne.<\/li>\n\n\n\n<li>Zasada ograniczenia okresu przechowywania: dane osobowe b\u0119d\u0105 przechowywane wy\u0142\u0105cznie w formie umo\u017cliwiaj\u0105cej identyfikacj\u0119 U\u017cytkownika przez okres niezb\u0119dny do cel\u00f3w ich przetwarzania.<\/li>\n\n\n\n<li>Zasada integralno\u015bci i poufno\u015bci: dane osobowe s\u0105 przetwarzane w spos\u00f3b zapewniaj\u0105cy ich bezpiecze\u0144stwo i poufno\u015b\u0107.<\/li>\n\n\n\n<li>Zasada proaktywnej odpowiedzialno\u015bci: Administrator jest odpowiedzialny za zapewnienie przestrzegania powy\u017cszych zasad.<\/li>\n<\/ul>\n\n\n\n<h4 class=\"wp-block-heading\">Kategorie danych osobowych<\/h4>\n\n\n\n<p>Kategorie danych przetwarzanych przez mideer.es to wy\u0142\u0105cznie dane identyfikacyjne. W \u017cadnym wypadku nie s\u0105 przetwarzane szczeg\u00f3lne kategorie danych osobowych w rozumieniu art. 9 RODO.<\/p>\n\n\n\n<h4 class=\"wp-block-heading\">Podstawa prawna przetwarzania danych osobowych<\/h4>\n\n\n\n<p>Podstaw\u0105 prawn\u0105 przetwarzania danych osobowych jest zgoda. mideer.es zobowi\u0105zuje si\u0119 do uzyskania wyra\u017anej i mo\u017cliwej do zweryfikowania zgody u\u017cytkownika na przetwarzanie jego danych osobowych w jednym lub wi\u0119kszej liczbie okre\u015blonych cel\u00f3w.<\/p>\n\n\n\n<p>U\u017cytkownik ma prawo do wycofania zgody w dowolnym momencie. Wycofanie zgody b\u0119dzie r\u00f3wnie \u0142atwe, jak jej udzielenie. Co do zasady wycofanie zgody nie warunkuje korzystania z Witryny.<\/p>\n\n\n\n<p>W przypadkach, w kt\u00f3rych U\u017cytkownik musi lub mo\u017ce poda\u0107 swoje dane za po\u015brednictwem formularzy w celu z\u0142o\u017cenia zapytania, za\u017c\u0105dania informacji lub z powod\u00f3w zwi\u0105zanych z tre\u015bci\u0105 Witryny, zostanie on poinformowany w przypadku, gdy wype\u0142nienie kt\u00f3regokolwiek z nich jest obowi\u0105zkowe ze wzgl\u0119du na fakt, \u017ce s\u0105 one niezb\u0119dne do prawid\u0142owego rozwoju przeprowadzanej operacji.<\/p>\n\n\n\n<h4 class=\"wp-block-heading\">Cele przetwarzania, do kt\u00f3rych wykorzystywane s\u0105 dane osobowe<\/h4>\n\n\n\n<p>Dane osobowe s\u0105 gromadzone i zarz\u0105dzane przez mideer.es w celu u\u0142atwienia, przyspieszenia i wype\u0142nienia zobowi\u0105za\u0144 ustanowionych mi\u0119dzy Witryn\u0105 a U\u017cytkownikiem lub w celu utrzymania relacji ustanowionej w formularzach wype\u0142nionych przez tego ostatniego lub w celu rozpatrzenia wniosku lub zapytania.<\/p>\n\n\n\n<p>Podobnie, dane mog\u0105 by\u0107 wykorzystywane do cel\u00f3w handlowych, personalizacyjnych, operacyjnych i statystycznych oraz do dzia\u0142a\u0144 zwi\u0105zanych z celem korporacyjnym mideer.es, a tak\u017ce do pozyskiwania i przechowywania danych oraz bada\u0144 marketingowych w celu dostosowania Tre\u015bci oferowanych U\u017cytkownikowi, a tak\u017ce w celu poprawy jako\u015bci, dzia\u0142ania i nawigacji w Witrynie.<\/p>\n\n\n\n<p>W momencie gromadzenia danych osobowych U\u017cytkownik zostanie poinformowany o konkretnych celach przetwarzania, do kt\u00f3rych dane osobowe b\u0119d\u0105 wykorzystywane, tj. o sposobach wykorzystania zgromadzonych informacji.<\/p>\n\n\n\n<h4 class=\"wp-block-heading\">Okresy przechowywania danych osobowych<\/h4>\n\n\n\n<p>Dane osobowe b\u0119d\u0105 przechowywane wy\u0142\u0105cznie przez minimalny okres niezb\u0119dny do cel\u00f3w ich przetwarzania, a w ka\u017cdym razie wy\u0142\u0105cznie przez nast\u0119puj\u0105cy okres: 18 miesi\u0119cy lub do czasu, gdy U\u017cytkownik za\u017c\u0105da ich usuni\u0119cia.<\/p>\n\n\n\n<p>W momencie uzyskania danych osobowych U\u017cytkownik zostanie poinformowany o okresie, przez kt\u00f3ry dane osobowe b\u0119d\u0105 przechowywane lub, je\u015bli nie jest to mo\u017cliwe, o kryteriach stosowanych do okre\u015blenia tego okresu.<\/p>\n\n\n\n<h4 class=\"wp-block-heading\">Odbiorcy danych osobowych<\/h4>\n\n\n\n<p>Dane osobowe U\u017cytkownika b\u0119d\u0105 udost\u0119pniane nast\u0119puj\u0105cym odbiorcom lub kategoriom odbiorc\u00f3w:<\/p>\n\n\n\n<p>W przypadku, gdy Administrator zamierza przekaza\u0107 dane osobowe do pa\u0144stwa trzeciego lub organizacji mi\u0119dzynarodowej, U\u017cytkownik zostanie poinformowany w momencie uzyskania danych osobowych o pa\u0144stwie trzecim lub organizacji mi\u0119dzynarodowej, do kt\u00f3rej dane maj\u0105 zosta\u0107 przekazane, a tak\u017ce o istnieniu lub braku decyzji Komisji stwierdzaj\u0105cej odpowiedni stopie\u0144 ochrony.<\/p>\n\n\n\n<h4 class=\"wp-block-heading\">Dane osobowe ma\u0142oletnich<\/h4>\n\n\n\n<p>Zgodnie z postanowieniami art. 8 RODO i 7 ustawy organicznej 3\/2018 z dnia 5 grudnia o ochronie danych osobowych i gwarancji praw cyfrowych, tylko osoby w wieku powy\u017cej 14 lat mog\u0105 wyrazi\u0107 zgod\u0119 na zgodne z prawem przetwarzanie ich danych osobowych przez mideer.es. W przypadku dziecka w wieku poni\u017cej 14 lat do przetwarzania wymagana jest zgoda rodzic\u00f3w lub opiekun\u00f3w, a przetwarzanie uznaje si\u0119 za zgodne z prawem tylko w zakresie, w jakim rodzice lub opiekunowie wyrazili na to zgod\u0119.<\/p>\n\n\n\n<h4 class=\"wp-block-heading\">Tajno\u015b\u0107 i bezpiecze\u0144stwo danych osobowych<\/h4>\n\n\n\n<p>mideer.es zobowi\u0105zuje si\u0119 do przyj\u0119cia niezb\u0119dnych \u015brodk\u00f3w technicznych i organizacyjnych, zgodnie z poziomem bezpiecze\u0144stwa odpowiednim do ryzyka gromadzonych danych, aby zagwarantowa\u0107 bezpiecze\u0144stwo danych osobowych i zapobiec przypadkowemu lub niezgodnemu z prawem zniszczeniu, utracie lub zmianie danych osobowych przesy\u0142anych, przechowywanych lub przetwarzanych w inny spos\u00f3b, lub nieuprawnionemu przekazaniu lub dost\u0119powi do takich danych.<\/p>\n\n\n\n<p>Witryna posiada certyfikat SSL (Secure Socket Layer), kt\u00f3ry zapewnia bezpieczne i poufne przesy\u0142anie danych osobowych, poniewa\u017c transmisja danych mi\u0119dzy serwerem a U\u017cytkownikiem jest w pe\u0142ni zaszyfrowana lub zakodowana.<\/p>\n\n\n\n<p>Poniewa\u017c jednak mideer.es nie mo\u017ce zagwarantowa\u0107 nieprzenikalno\u015bci Internetu ani ca\u0142kowitego braku haker\u00f3w lub innych os\u00f3b, kt\u00f3re w nieuczciwy spos\u00f3b uzyskuj\u0105 dost\u0119p do danych osobowych, Administrator danych zobowi\u0105zuje si\u0119 powiadomi\u0107 U\u017cytkownika bez zb\u0119dnej zw\u0142oki o naruszeniu bezpiecze\u0144stwa danych osobowych, kt\u00f3re mo\u017ce stanowi\u0107 wysokie ryzyko dla praw i wolno\u015bci os\u00f3b fizycznych. Zgodnie z art. 4 RODO naruszenie bezpiecze\u0144stwa danych osobowych oznacza jakiekolwiek naruszenie bezpiecze\u0144stwa skutkuj\u0105ce przypadkowym lub niezgodnym z prawem zniszczeniem, utrat\u0105 lub zmian\u0105 przekazywanych, przechowywanych lub w inny spos\u00f3b przetwarzanych danych osobowych lub nieuprawnionym ujawnieniem takich danych lub dost\u0119pem do nich.<\/p>\n\n\n\n<p>Dane osobowe b\u0119d\u0105 traktowane jako poufne przez Administratora Danych, kt\u00f3ry zobowi\u0105zuje si\u0119 do poinformowania i zapewnienia za pomoc\u0105 zobowi\u0105zania prawnego lub umownego, \u017ce taka poufno\u015b\u0107 jest przestrzegana przez jego pracownik\u00f3w, partner\u00f3w i wszelkie inne osoby, kt\u00f3rym udost\u0119pnia informacje.<\/p>\n\n\n\n<h4 class=\"wp-block-heading\">Prawa wynikaj\u0105ce z przetwarzania danych osobowych<\/h4>\n\n\n\n<p>U\u017cytkownik ma w stosunku do mideer.es i w zwi\u0105zku z tym mo\u017ce korzysta\u0107 wobec Administratora Danych z nast\u0119puj\u0105cych praw uznanych w RODO i ustawie organicznej 3\/2018 z dnia 5 grudnia o ochronie danych osobowych i gwarancji praw cyfrowych:<\/p>\n\n\n\n<ul class=\"wp-block-list\">\n<li><em>Prawo dost\u0119pu:<\/em> Jest to prawo u\u017cytkownika do uzyskania potwierdzenia, czy mideer.es przetwarza jego dane osobowe, a je\u015bli tak, do uzyskania informacji o jego konkretnych danych osobowych i przetwarzaniu, kt\u00f3re mideer.es przeprowadzi\u0142 lub przeprowadza, a tak\u017ce, mi\u0119dzy innymi, dost\u0119pnych informacji o pochodzeniu tych danych i odbiorcach komunikacji wykonanej lub planowanej dla tych danych.<\/li>\n\n\n\n<li><em>Prawo do sprostowania:<\/em> Jest to prawo u\u017cytkownika do poprawienia swoich danych osobowych, je\u015bli oka\u017c\u0105 si\u0119 one niedok\u0142adne lub, bior\u0105c pod uwag\u0119 cele przetwarzania, niekompletne.<\/li>\n\n\n\n<li><em>Prawo do usuni\u0119cia danych (\u00abprawo do bycia zapomnianym\u00bb):<\/em> Jest to prawo u\u017cytkownika, o ile przepisy prawa nie stanowi\u0105 inaczej, do uzyskania usuni\u0119cia jego danych osobowych, gdy nie s\u0105 one ju\u017c potrzebne do cel\u00f3w, dla kt\u00f3rych zosta\u0142y zebrane lub przetworzone; u\u017cytkownik wycofa\u0142 swoj\u0105 zgod\u0119 na przetwarzanie i nie ma innej zgodnej z prawem podstawy przetwarzania; U\u017cytkownik sprzeciwia si\u0119 przetwarzaniu i nie ma innego uzasadnionego powodu do kontynuowania przetwarzania; dane osobowe by\u0142y przetwarzane niezgodnie z prawem; dane osobowe musz\u0105 zosta\u0107 usuni\u0119te zgodnie z obowi\u0105zkiem prawnym; lub dane osobowe zosta\u0142y uzyskane w wyniku bezpo\u015bredniej oferty us\u0142ug spo\u0142ecze\u0144stwa informacyjnego dla osoby poni\u017cej 14 roku \u017cycia. Opr\u00f3cz usuni\u0119cia danych Administrator, bior\u0105c pod uwag\u0119 dost\u0119pn\u0105 technologi\u0119 i koszt jej wdro\u017cenia, podejmie rozs\u0105dne kroki w celu poinformowania administrator\u00f3w przetwarzaj\u0105cych dane osobowe o \u017c\u0105daniu osoby, kt\u00f3rej dane dotycz\u0105, usuni\u0119cia wszelkich powi\u0105za\u0144 z tymi danymi osobowymi.<\/li>\n\n\n\n<li><em>Prawo do ograniczenia przetwarzania:<\/em> Jest to prawo U\u017cytkownika do ograniczenia przetwarzania jego danych osobowych. U\u017cytkownik ma prawo \u017c\u0105dania ograniczenia przetwarzania, gdy kwestionuje prawid\u0142owo\u015b\u0107 swoich danych osobowych; przetwarzanie jest niezgodne z prawem; Administrator nie potrzebuje ju\u017c danych osobowych, ale U\u017cytkownik potrzebuje ich do dochodzenia roszcze\u0144; oraz gdy U\u017cytkownik wni\u00f3s\u0142 sprzeciw wobec przetwarzania.<\/li>\n\n\n\n<li><em>Prawo do przenoszenia danych:<\/em> W przypadku przetwarzania zautomatyzowanego U\u017cytkownik ma prawo otrzyma\u0107 od Administratora swoje dane osobowe w ustrukturyzowanym, powszechnie u\u017cywanym formacie nadaj\u0105cym si\u0119 do odczytu maszynowego oraz przes\u0142a\u0107 je innemu administratorowi. Je\u017celi jest to technicznie mo\u017cliwe, Administrator przekazuje dane bezpo\u015brednio takiemu innemu administratorowi.<\/li>\n\n\n\n<li><em>Prawo do sprzeciwu:<\/em> U\u017cytkownik ma prawo nie przetwarza\u0107 swoich danych osobowych lub zaprzesta\u0107 przetwarzania takich danych przez mideer.es.<\/li>\n\n\n\n<li><em>Prawo do niepodlegania decyzji opartej wy\u0142\u0105cznie na zautomatyzowanym przetwarzaniu, w tym profilowaniu:<\/em> Jest to prawo U\u017cytkownika do niepodlegania zindywidualizowanej decyzji opartej wy\u0142\u0105cznie na zautomatyzowanym przetwarzaniu jego danych osobowych, w tym profilowaniu, chyba \u017ce przepisy prawa stanowi\u0105 inaczej.<\/li>\n<\/ul>\n\n\n\n<p>W zwi\u0105zku z tym U\u017cytkownik mo\u017ce wykonywa\u0107 swoje prawa w drodze pisemnej korespondencji skierowanej do Administratora Danych z podaniem numeru referencyjnego \u00abRGPD-www.mideer.es\u00bb:<\/p>\n\n\n\n<ul class=\"wp-block-list\">\n<li>Imi\u0119 i nazwisko U\u017cytkownika oraz kopia dowodu to\u017csamo\u015bci. W przypadkach, w kt\u00f3rych dozwolona jest reprezentacja, konieczne b\u0119dzie r\u00f3wnie\u017c zidentyfikowanie w ten sam spos\u00f3b osoby reprezentuj\u0105cej U\u017cytkownika, a tak\u017ce dokumentu potwierdzaj\u0105cego reprezentacj\u0119. Kserokopi\u0119 DNI mo\u017cna zast\u0105pi\u0107 dowolnym innym prawnie wa\u017cnym \u015brodkiem potwierdzaj\u0105cym to\u017csamo\u015b\u0107.<\/li>\n\n\n\n<li>Wniosek zawieraj\u0105cy konkretne powody z\u0142o\u017cenia wniosku lub uzyskania dost\u0119pu do informacji.<\/li>\n\n\n\n<li>Adres do cel\u00f3w powiadomie\u0144.<\/li>\n\n\n\n<li>Data i podpis wnioskodawcy.<\/li>\n\n\n\n<li>Wszelkie dokumenty potwierdzaj\u0105ce sk\u0142adany wniosek.<\/li>\n<\/ul>\n\n\n\n<p>Niniejszy wniosek i wszelkie za\u0142\u0105czone dokumenty mo\u017cna przes\u0142a\u0107 na nast\u0119puj\u0105cy adres i\/lub adres e-mail:<\/p>\n\n\n\n<p>Adres pocztowy: Ul. Skrzypowa 1, 54-530 Wroc\u0142aw, dolno\u015bl\u0105skie, POLSKA<\/p>\n\n\n\n<p>E-mail: hola@mideer.es<\/p>\n\n\n\n<h4 class=\"wp-block-heading\">Linki do stron internetowych os\u00f3b trzecich<\/h4>\n\n\n\n<p>Witryna internetowa mo\u017ce zawiera\u0107 hiper\u0142\u0105cza lub \u0142\u0105cza umo\u017cliwiaj\u0105ce dost\u0119p do stron internetowych os\u00f3b trzecich innych ni\u017c mideer.es, kt\u00f3re w zwi\u0105zku z tym nie s\u0105 obs\u0142ugiwane przez mideer.es. W\u0142a\u015bciciele tych stron internetowych b\u0119d\u0105 mieli w\u0142asne polityki ochrony danych, b\u0119d\u0105c w ka\u017cdym przypadku odpowiedzialnymi za w\u0142asne pliki i w\u0142asne praktyki dotycz\u0105ce prywatno\u015bci.<\/p>\n\n\n\n<h4 class=\"wp-block-heading\">Skargi do organu nadzorczego<\/h4>\n\n\n\n<p>W przypadku, gdy u\u017cytkownik uzna, \u017ce istnieje problem lub naruszenie obowi\u0105zuj\u0105cych przepis\u00f3w w sposobie przetwarzania jego danych osobowych, ma on prawo do skutecznej ochrony s\u0105dowej i z\u0142o\u017cenia skargi do organu nadzorczego, w szczeg\u00f3lno\u015bci w pa\u0144stwie, w kt\u00f3rym ma miejsce zwyk\u0142ego pobytu, miejsce pracy lub miejsce domniemanego naruszenia. W przypadku Hiszpanii organem nadzorczym jest Hiszpa\u0144ska Agencja Ochrony Danych (https:\/\/www.aepd.es\/).<\/p>\n\n\n\n<h3 class=\"wp-block-heading\">II. AKCEPTACJA I ZMIANY NINIEJSZEJ POLITYKI PRYWATNO\u015aCI<\/h3>\n\n\n\n<p>Konieczne jest, aby U\u017cytkownik zapozna\u0142 si\u0119 z warunkami ochrony danych osobowych zawartymi w niniejszej Polityce Prywatno\u015bci i wyrazi\u0142 na nie zgod\u0119, a tak\u017ce zaakceptowa\u0142 przetwarzanie swoich danych osobowych, aby Administrator Danych m\u00f3g\u0142 post\u0119powa\u0107 w spos\u00f3b, w okresach i w celach wskazanych. Korzystanie z Serwisu oznacza akceptacj\u0119 Polityki Prywatno\u015bci Serwisu.<\/p>\n\n\n\n<p>mideer.es zastrzega sobie prawo do modyfikowania swojej Polityki prywatno\u015bci zgodnie z w\u0142asnymi kryteriami lub motywowanymi zmianami legislacyjnymi, orzeczniczymi lub doktrynalnymi Hiszpa\u0144skiej Agencji Ochrony Danych. U\u017cytkownik nie zostanie wyra\u017anie powiadomiony o zmianach lub aktualizacjach niniejszej Polityki prywatno\u015bci. Zaleca si\u0119, aby u\u017cytkownik okresowo odwiedza\u0142 t\u0119 stron\u0119, aby by\u0107 na bie\u017c\u0105co z najnowszymi zmianami lub aktualizacjami.<\/p>\n\n\n\n<p>Niniejsza Polityka prywatno\u015bci zosta\u0142a zaktualizowana w celu dostosowania do rozporz\u0105dzenia Parlamentu Europejskiego i Rady (UE) 2016\/679 z dnia 27 kwietnia 2016 r. w sprawie ochrony os\u00f3b fizycznych w zwi\u0105zku z przetwarzaniem danych osobowych i w sprawie swobodnego przep\u0142ywu takich danych (RODO) oraz do ustawy organicznej 3\/2018 z dnia 5 grudnia o ochronie danych osobowych i gwarancji praw cyfrowych.<\/p>","protected":false},"excerpt":{"rendered":"<p>I. POL\u00cdTICA DE PRIVACIDAD Y PROTECCI\u00d3N DE DATOS Respetando lo establecido en la legislaci\u00f3n vigente, mideer.es (en adelante, tambi\u00e9n Sitio<\/p>","protected":false},"author":1,"featured_media":0,"parent":0,"menu_order":0,"comment_status":"closed","ping_status":"closed","template":"","meta":{"om_disable_all_campaigns":false,"_monsterinsights_skip_tracking":false,"_monsterinsights_sitenote_active":false,"_monsterinsights_sitenote_note":"","_monsterinsights_sitenote_category":0,"footnotes":"","_links_to":"","_links_to_target":""},"class_list":["post-1098","page","type-page","status-publish","hentry"],"aioseo_notices":[],"_links":{"self":[{"href":"https:\/\/mideer.store\/pl\/wp-json\/wp\/v2\/pages\/1098","targetHints":{"allow":["GET"]}}],"collection":[{"href":"https:\/\/mideer.store\/pl\/wp-json\/wp\/v2\/pages"}],"about":[{"href":"https:\/\/mideer.store\/pl\/wp-json\/wp\/v2\/types\/page"}],"author":[{"embeddable":true,"href":"https:\/\/mideer.store\/pl\/wp-json\/wp\/v2\/users\/1"}],"replies":[{"embeddable":true,"href":"https:\/\/mideer.store\/pl\/wp-json\/wp\/v2\/comments?post=1098"}],"version-history":[{"count":3,"href":"https:\/\/mideer.store\/pl\/wp-json\/wp\/v2\/pages\/1098\/revisions"}],"predecessor-version":[{"id":1369,"href":"https:\/\/mideer.store\/pl\/wp-json\/wp\/v2\/pages\/1098\/revisions\/1369"}],"wp:attachment":[{"href":"https:\/\/mideer.store\/pl\/wp-json\/wp\/v2\/media?parent=1098"}],"curies":[{"name":"wp","href":"https:\/\/api.w.org\/{rel}","templated":true}]}}