{"id":1096,"date":"2025-01-17T13:48:59","date_gmt":"2025-01-17T12:48:59","guid":{"rendered":"https:\/\/mideer.store\/?page_id=1096"},"modified":"2025-04-10T11:35:34","modified_gmt":"2025-04-10T09:35:34","slug":"conditions-generales","status":"publish","type":"page","link":"https:\/\/mideer.store\/fr\/conditions-generales\/","title":{"rendered":"Conditions g\u00e9n\u00e9rales d'utilisation"},"content":{"rendered":"<h2 class=\"wp-block-heading\">AVIS JURIDIQUE ET CONDITIONS G\u00c9N\u00c9RALES D'UTILISATION<\/h2>\n\n\n\n<h4 class=\"wp-block-heading\">www.mideer.es<\/h4>\n\n\n\n<h3 class=\"wp-block-heading\">I. INFORMATIONS G\u00c9N\u00c9RALES<\/h3>\n\n\n\n<p>Conform\u00e9ment \u00e0 l'obligation d'information pr\u00e9vue par la loi 34\/2002 sur les services de la soci\u00e9t\u00e9 de l'information et le commerce \u00e9lectronique (LSSI-CE) du 11 juillet, les informations g\u00e9n\u00e9rales suivantes sont fournies sur ce site web :<\/p>\n\n\n\n<p>La propri\u00e9t\u00e9 de ce site web, www.mideer.es, (ci-apr\u00e8s d\u00e9nomm\u00e9 le site web) est d\u00e9tenue par : YAMANN Sp. z o.o., titulaire du num\u00e9ro de TVA : PL8992740275 et enregistr\u00e9 \u00e0 : avec les d\u00e9tails du registre suivants : Eloy Moreno Gallego, dont le repr\u00e9sentant est : Eloy Moreno Gallego, et dont les coordonn\u00e9es sont : Eloy Moreno Gallego, dont le repr\u00e9sentant est : Eloy Moreno Gallego, dont les coordonn\u00e9es sont : Eloy Moreno Gallego, dont les coordonn\u00e9es sont : Eloy Moreno Gallego, dont les coordonn\u00e9es sont : Eloy Moreno Gallego :<\/p>\n\n\n\n<p>Adresse : Ul. Skrzypowa 1, 54-530 Wroc\u0142aw, Dolno\u015bl\u0105ski, POLOGNE<\/p>\n\n\n\n<p>Num\u00e9ro de t\u00e9l\u00e9phone de contact : +34 961 125 579<\/p>\n\n\n\n<p>Courriel de contact : hola@mideer.es<\/p>\n\n\n\n<h3 class=\"wp-block-heading\">II. CONDITIONS G\u00c9N\u00c9RALES D'UTILISATION<\/h3>\n\n\n\n<h4 class=\"wp-block-heading\">L'objet des conditions g\u00e9n\u00e9rales : Le site web<\/h4>\n\n\n\n<p>Les pr\u00e9sentes conditions g\u00e9n\u00e9rales d'utilisation (ci-apr\u00e8s d\u00e9nomm\u00e9es \"conditions\") ont pour objet de r\u00e9glementer l'acc\u00e8s au site web et son utilisation. Aux fins des pr\u00e9sentes conditions g\u00e9n\u00e9rales, on entend par site web : l'aspect ext\u00e9rieur des interfaces d'\u00e9cran, tant statiques que dynamiques, c'est-\u00e0-dire l'arbre de navigation ; et tous les \u00e9l\u00e9ments int\u00e9gr\u00e9s tant dans les interfaces d'\u00e9cran que dans l'arbre de navigation (ci-apr\u00e8s d\u00e9nomm\u00e9s \"contenu\") et tous les services ou ressources en ligne qui peuvent \u00eatre offerts aux utilisateurs (ci-apr\u00e8s d\u00e9nomm\u00e9s \"services\").<\/p>\n\n\n\n<p>mideer.es se r\u00e9serve le droit de modifier, \u00e0 tout moment et sans pr\u00e9avis, la pr\u00e9sentation et la configuration du Site Internet ainsi que les Contenus et Services qui peuvent y \u00eatre inclus. L'Utilisateur reconna\u00eet et accepte que mideer.es puisse \u00e0 tout moment interrompre, d\u00e9sactiver et\/ou annuler n'importe lequel de ces \u00e9l\u00e9ments inclus dans le Site Web ou l'acc\u00e8s \u00e0 ceux-ci.<\/p>\n\n\n\n<p>L'acc\u00e8s au site web par l'utilisateur est libre et, en r\u00e8gle g\u00e9n\u00e9rale, gratuit, sans que l'utilisateur n'ait \u00e0 fournir de contrepartie pour en b\u00e9n\u00e9ficier, \u00e0 l'exception du co\u00fbt de la connexion via le r\u00e9seau de t\u00e9l\u00e9communications fourni par le fournisseur d'acc\u00e8s contract\u00e9 par l'utilisateur.<\/p>\n\n\n\n<p>L'utilisation de tout contenu ou service du site web peut \u00eatre subordonn\u00e9e \u00e0 l'inscription ou \u00e0 l'enregistrement pr\u00e9alable de l'utilisateur.<\/p>\n\n\n\n<h4 class=\"wp-block-heading\">L'utilisateur<\/h4>\n\n\n\n<p>L'acc\u00e8s, la navigation et l'utilisation du site Web, ainsi que les espaces permettant d'interagir entre les utilisateurs, et l'utilisateur et mideer.es, tels que les espaces de commentaires et\/ou de blogs, conf\u00e8rent la condition d'utilisateur, et par cons\u00e9quent l'utilisateur accepte, \u00e0 partir du moment o\u00f9 il commence \u00e0 naviguer sur le site Web, toutes les conditions \u00e9tablies ici, ainsi que leurs modifications ult\u00e9rieures, sans pr\u00e9judice de l'application des normes l\u00e9gales correspondantes d'application obligatoire, le cas \u00e9ch\u00e9ant. Compte tenu de la pertinence de ce qui pr\u00e9c\u00e8de, il est recommand\u00e9 \u00e0 l'utilisateur de les lire chaque fois qu'il visite le site Web.<\/p>\n\n\n\n<p>Le site web mideer.es fournit un large \u00e9ventail d'informations, de services et de donn\u00e9es. L'utilisateur assume la responsabilit\u00e9 de l'utilisation correcte du site Web. Cette responsabilit\u00e9 s'\u00e9tend \u00e0 :<\/p>\n\n\n\n<ul class=\"wp-block-list\">\n<li>L'utilisation de l'information, des Contenus et\/ou des Services et des donn\u00e9es offerts par mideer.es sans \u00eatre contraire aux dispositions des pr\u00e9sentes Conditions, \u00e0 la Loi, \u00e0 la morale ou \u00e0 l'ordre public, ou qui, de toute autre mani\u00e8re, peut impliquer des dommages aux droits de tiers ou au fonctionnement du Site Web.<\/li>\n\n\n\n<li>La v\u00e9racit\u00e9 et la l\u00e9galit\u00e9 des informations fournies par l'Utilisateur dans les formulaires propos\u00e9s par mideer.es pour l'acc\u00e8s \u00e0 certains Contenus ou Services offerts par le Site Web. Dans tous les cas, l'Utilisateur notifiera imm\u00e9diatement \u00e0 mideer.es tout fait permettant l'utilisation impropre des informations enregistr\u00e9es dans ces formulaires, comme, mais pas seulement, le vol, la perte ou l'acc\u00e8s non autoris\u00e9 aux identifiants et\/ou aux mots de passe, afin de proc\u00e9der \u00e0 leur annulation imm\u00e9diate.<\/li>\n<\/ul>\n\n\n\n<p>mideer.es se r\u00e9serve le droit de supprimer tous les commentaires et contributions qui violent la loi, le respect de la dignit\u00e9 de la personne, qui sont discriminatoires, x\u00e9nophobes, racistes, pornographiques, qui envoient des spams, qui menacent la jeunesse ou l'enfance, l'ordre public ou la s\u00e9curit\u00e9 ou qui, \u00e0 son avis, ne sont pas appropri\u00e9s pour la publication.<\/p>\n\n\n\n<p>Dans tous les cas, mideer.es ne sera pas responsable des opinions exprim\u00e9es par les utilisateurs \u00e0 travers les commentaires ou d'autres outils de blogging ou de participation qui peuvent exister.<\/p>\n\n\n\n<p>Le simple acc\u00e8s \u00e0 ce site Web n'implique aucun type de relation commerciale entre mideer.es et l'utilisateur.<\/p>\n\n\n\n<p>L'utilisateur d\u00e9clare \u00eatre majeur et avoir la capacit\u00e9 juridique suffisante pour \u00eatre li\u00e9 par les pr\u00e9sentes conditions. Par cons\u00e9quent, ce site Web de mideer.es ne s'adresse pas aux mineurs. mideer.es d\u00e9cline toute responsabilit\u00e9 en cas de non-respect de cette exigence.<\/p>\n\n\n\n<p>Le site Web s'adresse principalement aux utilisateurs r\u00e9sidant en Espagne. mideer.es ne garantit pas que le site Web soit conforme \u00e0 la l\u00e9gislation d'autres pays, que ce soit totalement ou partiellement. Si l'utilisateur r\u00e9side ou est domicili\u00e9 dans un autre lieu et d\u00e9cide d'acc\u00e9der et\/ou de naviguer sur le site Web, il le fera sous sa propre responsabilit\u00e9 et devra s'assurer que cet acc\u00e8s et cette navigation sont conformes \u00e0 la l\u00e9gislation locale qui lui est applicable, et mideer.es n'assumera aucune responsabilit\u00e9 de quelque nature que ce soit pouvant d\u00e9couler de cet acc\u00e8s.<\/p>\n\n\n\n<h3 class=\"wp-block-heading\">III. ACC\u00c8S ET NAVIGATION SUR LE SITE WEB : EXCLUSION DE GARANTIE ET DE RESPONSABILIT\u00c9<\/h3>\n\n\n\n<p>mideer.es ne garantit pas la continuit\u00e9, la disponibilit\u00e9 et l'utilit\u00e9 du site Web, ni des contenus ou des services. mideer.es fera tout son possible pour le bon fonctionnement du site Web, mais n'est pas responsable et ne garantit pas que l'acc\u00e8s \u00e0 ce site Web soit ininterrompu ou exempt d'erreurs.<\/p>\n\n\n\n<p>Elle n'est pas non plus responsable et ne garantit pas que les contenus ou les logiciels auxquels il est possible d'acc\u00e9der par le biais de ce site Web soient exempts d'erreurs ou qu'ils causent des dommages au syst\u00e8me informatique (logiciel et mat\u00e9riel) de l'utilisateur. En aucun cas, mideer.es ne sera responsable des pertes ou dommages de toute nature d\u00e9coulant de l'acc\u00e8s, de la navigation et de l'utilisation du site Web, y compris, mais sans s'y limiter, ceux caus\u00e9s aux syst\u00e8mes informatiques ou ceux caus\u00e9s par l'introduction de virus.<\/p>\n\n\n\n<p>mideer.es n'est pas non plus responsable des dommages qui pourraient \u00eatre caus\u00e9s aux utilisateurs par une utilisation inappropri\u00e9e de ce site web. En particulier, elle n'est en aucun cas responsable des pannes, interruptions, d\u00e9fauts ou d\u00e9faillances des t\u00e9l\u00e9communications qui pourraient survenir.<\/p>\n\n\n\n<h3 class=\"wp-block-heading\">IV. POLITIQUE DE LIAISON<\/h3>\n\n\n\n<p>Nous vous informons que le site Web de mideer.es met ou peut mettre \u00e0 la disposition des utilisateurs des moyens de liaison (tels que, entre autres, des liens, des banni\u00e8res, des boutons), des r\u00e9pertoires et des moteurs de recherche qui permettent aux utilisateurs d'acc\u00e9der \u00e0 des sites Web appartenant \u00e0 des tiers et\/ou g\u00e9r\u00e9s par des tiers.<\/p>\n\n\n\n<p>L'installation de ces liens, r\u00e9pertoires et moteurs de recherche sur le site web a pour but de faciliter la recherche et l'acc\u00e8s des utilisateurs aux informations disponibles sur Internet, et ne peut \u00eatre consid\u00e9r\u00e9e comme une suggestion, une recommandation ou une invitation \u00e0 les visiter.<\/p>\n\n\n\n<p>mideer.es n'offre ni ne commercialise elle-m\u00eame ou par l'interm\u00e9diaire de tiers les produits et\/ou services disponibles sur ces sites li\u00e9s.<\/p>\n\n\n\n<p>Elle ne garantit pas non plus la disponibilit\u00e9 technique, l'exactitude, la v\u00e9racit\u00e9, la validit\u00e9 ou la l\u00e9galit\u00e9 des sites ne lui appartenant pas et accessibles par les liens.<\/p>\n\n\n\n<p>En aucun cas mideer.es n'examinera ou ne contr\u00f4lera le contenu d'autres sites web, ni n'approuvera, n'examinera ou ne s'appropriera les produits et services, les contenus, les fichiers et tout autre mat\u00e9riel existant dans les sites li\u00e9s susmentionn\u00e9s.<\/p>\n\n\n\n<p>mideer.es n'assume aucune responsabilit\u00e9 pour les dommages pouvant d\u00e9couler de l'acc\u00e8s, de l'utilisation, de la qualit\u00e9 ou de la l\u00e9galit\u00e9 des contenus, des communications, des opinions, des produits et des services des sites web non g\u00e9r\u00e9s par mideer.es et qui sont li\u00e9s \u00e0 ce site web.<\/p>\n\n\n\n<p>L'utilisateur ou le tiers qui cr\u00e9e un lien hypertexte \u00e0 partir d'une page web d'un autre site web vers le site web de mideer.es doit savoir que<\/p>\n\n\n\n<p>La reproduction - totale ou partielle - de tout contenu et\/ou service du site Web n'est pas permise sans l'autorisation expresse de mideer.es.<\/p>\n\n\n\n<p>Aucune d\u00e9claration fausse, inexacte ou incorrecte sur le site Web de mideer.es, ni sur les contenus et\/ou services de ce dernier n'est autoris\u00e9e.<\/p>\n\n\n\n<p>\u00c0 l'exception de l'hyperlien, le site web sur lequel est \u00e9tabli l'hyperlien ne contiendra aucun \u00e9l\u00e9ment de ce site web prot\u00e9g\u00e9 en tant que propri\u00e9t\u00e9 intellectuelle par la loi espagnole, sauf autorisation expresse de mideer.es.<\/p>\n\n\n\n<p>L'\u00e9tablissement de l'hyperlien n'implique pas l'existence d'une relation entre mideer.es et le propri\u00e9taire du site web \u00e0 partir duquel il est \u00e9tabli, ni la connaissance et l'acceptation par mideer.es des contenus, services et\/ou activit\u00e9s offerts sur ledit site web, et vice versa.<\/p>\n\n\n\n<h3 class=\"wp-block-heading\">V. PROPRI\u00c9T\u00c9 INTELLECTUELLE ET INDUSTRIELLE<\/h3>\n\n\n\n<p>mideer.es est titulaire, par elle-m\u00eame ou en tant que cessionnaire, de tous les droits de propri\u00e9t\u00e9 intellectuelle et industrielle du site Web, ainsi que des \u00e9l\u00e9ments qu'il contient (y compris, mais sans s'y limiter, les images, le son, l'audio, la vid\u00e9o, le logiciel ou les textes, les marques ou les logos, les combinaisons de couleurs, la structure et la conception, le choix des mat\u00e9riaux utilis\u00e9s, les programmes informatiques n\u00e9cessaires \u00e0 son fonctionnement, \u00e0 son acc\u00e8s et \u00e0 son utilisation, etc.) ). Il s'agit donc d'\u0153uvres prot\u00e9g\u00e9es en tant que propri\u00e9t\u00e9 intellectuelle par le syst\u00e8me juridique espagnol, auquel s'appliquent les r\u00e9glementations espagnoles et communautaires en la mati\u00e8re, ainsi que les trait\u00e9s internationaux sign\u00e9s par l'Espagne en la mati\u00e8re.<\/p>\n\n\n\n<p>Tous les droits sont r\u00e9serv\u00e9s. En vertu des dispositions de la loi sur la propri\u00e9t\u00e9 intellectuelle, la reproduction, la distribution et la communication publique, y compris la mise \u00e0 disposition, de tout ou partie des contenus de ce site Web, \u00e0 des fins commerciales, sur tout support et par tout moyen technique, sans l'autorisation de mideer.es, sont express\u00e9ment interdites.<\/p>\n\n\n\n<p>L'Utilisateur s'engage \u00e0 respecter les droits de propri\u00e9t\u00e9 intellectuelle et industrielle de mideer.es. L'utilisateur peut visualiser les \u00e9l\u00e9ments du site Web, voire les imprimer, les copier et les stocker sur le disque dur de son ordinateur ou sur tout autre support physique, \u00e0 condition que ce soit exclusivement pour son usage personnel. Toutefois, l'utilisateur ne pourra pas supprimer, modifier ou manipuler tout dispositif de protection ou syst\u00e8me de s\u00e9curit\u00e9 install\u00e9 sur le site Web.<\/p>\n\n\n\n<p>Dans le cas o\u00f9 l'Utilisateur ou un tiers consid\u00e9rerait que l'un des Contenus du Site Web viole les droits de protection de la propri\u00e9t\u00e9 intellectuelle, il devra en informer imm\u00e9diatement mideer.es \u00e0 travers les coordonn\u00e9es indiqu\u00e9es dans la section INFORMATION G\u00c9N\u00c9RALE de ces Mentions L\u00e9gales et Conditions G\u00e9n\u00e9rales d'Utilisation.<\/p>\n\n\n\n<h3 class=\"wp-block-heading\">VI. ACTIONS EN JUSTICE, DROIT APPLICABLE ET JURIDICTION<\/h3>\n\n\n\n<p>mideer.es se r\u00e9serve le droit d'intenter toute action civile ou p\u00e9nale qu'elle jugera n\u00e9cessaire en cas d'utilisation inappropri\u00e9e du site Web et de ses contenus, ou en cas de violation des pr\u00e9sentes conditions.<\/p>\n\n\n\n<p>La relation entre l'utilisateur et mideer.es sera r\u00e9gie par la r\u00e9glementation en vigueur et applicable sur le territoire espagnol. En cas de controverse sur l'interpr\u00e9tation et\/ou l'application des pr\u00e9sentes conditions, les parties soumettront leurs conflits \u00e0 la juridiction ordinaire, en s'en remettant aux juges et aux tribunaux correspondants selon la loi.<\/p>\n\n\n\n<p><\/p>\n\n\n\n<h2 class=\"wp-block-heading\">CONDITIONS G\u00c9N\u00c9RALES DE VENTE<\/h2>\n\n\n\n<h4 class=\"wp-block-heading\">www.mideer.es<\/h4>\n\n\n\n<h3 class=\"wp-block-heading\">1. INFORMATIONS G\u00c9N\u00c9RALES<\/h3>\n\n\n\n<p>La propri\u00e9t\u00e9 de ce site web www.mideer.es (ci-apr\u00e8s d\u00e9nomm\u00e9 le site web) est d\u00e9tenue par : YAMANN Sp. z o.o., titulaire du num\u00e9ro de TVA PL8992740275 et enregistr\u00e9 dans le registre national des tribunaux polonais (KRS) sous le num\u00e9ro 0000444280, et dont les coordonn\u00e9es d'enregistrement sont les suivantes : REGON 0000444280 ; et dont les coordonn\u00e9es de contact sont les suivantes : YAMANN Sp. z o.o., propri\u00e9taire du site web www.mideer.es : REGON 022037032 ; et dont les coordonn\u00e9es sont :<\/p>\n\n\n\n<p>Adresse : Ul. Skrzypowa 1, 54-530 Wroc\u0142aw, Dolno\u015bl\u0105ski, POLOGNE<\/p>\n\n\n\n<p>Num\u00e9ro de t\u00e9l\u00e9phone de contact : +34 961 125 579<\/p>\n\n\n\n<p>Courriel de contact : hola@mideer.es<\/p>\n\n\n\n<p>Le pr\u00e9sent document (ainsi que les autres documents qui y sont mentionn\u00e9s) r\u00e9git les conditions d'utilisation de ce site web (www.mideer.es) et l'achat ou l'acquisition de produits et\/ou de services sur ce site (ci-apr\u00e8s d\u00e9nomm\u00e9s \"conditions\").<\/p>\n\n\n\n<p>Aux fins des pr\u00e9sentes conditions, il est entendu que l'activit\u00e9 exerc\u00e9e par mideer.es par l'interm\u00e9diaire du site Web comprend :<\/p>\n\n\n\n<p>Commercialisation de produits comprenant des jouets \u00e9ducatifs, du mat\u00e9riel artistique, des puzzles, des jeux magn\u00e9tiques et des jeux de soci\u00e9t\u00e9 con\u00e7us pour favoriser l'apprentissage et le d\u00e9veloppement des enfants.<\/p>\n\n\n\n<p>Outre la lecture de ces conditions, avant d'acc\u00e9der, de naviguer et\/ou d'utiliser ce site Web, l'utilisateur doit avoir lu l'avis juridique et les conditions g\u00e9n\u00e9rales d'utilisation, y compris la politique en mati\u00e8re de cookies et la politique de confidentialit\u00e9 et de protection des donn\u00e9es de mideer.es. En utilisant ce site Web ou en effectuant et\/ou en demandant l'achat d'un produit et\/ou d'un service par son interm\u00e9diaire, l'utilisateur accepte d'\u00eatre li\u00e9 par les pr\u00e9sentes conditions et par toutes les dispositions susmentionn\u00e9es, de sorte que s'il n'est pas d'accord avec toutes ces dispositions, il ne doit pas utiliser ce site Web.<\/p>\n\n\n\n<p>Nous vous informons \u00e9galement que ces conditions peuvent \u00eatre modifi\u00e9es. Il incombe \u00e0 l'utilisateur de les consulter chaque fois qu'il acc\u00e8de, navigue et\/ou utilise le site web, car ce sont celles en vigueur au moment de la demande d'achat de produits et\/ou de services qui seront applicables.<\/p>\n\n\n\n<p>Pour toute question relative aux Conditions, l'Utilisateur peut contacter le propri\u00e9taire aux coordonn\u00e9es indiqu\u00e9es ci-dessus ou, le cas \u00e9ch\u00e9ant, en utilisant le formulaire de contact.<\/p>\n\n\n\n<h3 class=\"wp-block-heading\">2. L'UTILISATEUR<\/h3>\n\n\n\n<p>L'acc\u00e8s, la navigation et l'utilisation du site Web conf\u00e8rent la condition d'utilisateur (ci-apr\u00e8s, indistinctement, individuellement comme Utilisateur ou conjointement comme Utilisateurs), et par cons\u00e9quent, d\u00e8s le d\u00e9but de la navigation sur le site Web, toutes les Conditions \u00e9tablies ici sont accept\u00e9es, ainsi que leurs modifications ult\u00e9rieures, sans pr\u00e9judice de l'application des normes l\u00e9gales correspondantes de respect obligatoire, le cas \u00e9ch\u00e9ant.<\/p>\n\n\n\n<p>L'utilisateur assume la responsabilit\u00e9 de l'utilisation correcte du site web. Cette responsabilit\u00e9 s'\u00e9tend \u00e0 :<\/p>\n\n\n\n<ul class=\"wp-block-list\">\n<li>N'utilisez ce site Web que pour effectuer des demandes de renseignements, des achats ou des acquisitions l\u00e9galement valables.<\/li>\n\n\n\n<li>N'effectuez pas d'achats faux ou frauduleux. Si l'on peut raisonnablement penser qu'un tel achat a \u00e9t\u00e9 effectu\u00e9, il pourra \u00eatre annul\u00e9 et les autorit\u00e9s comp\u00e9tentes seront inform\u00e9es.<\/li>\n\n\n\n<li>Fournir des coordonn\u00e9es v\u00e9ridiques et l\u00e9gales, par exemple l'adresse \u00e9lectronique, l'adresse postale et\/ou d'autres d\u00e9tails (voir les mentions l\u00e9gales et les conditions g\u00e9n\u00e9rales d'utilisation).<\/li>\n<\/ul>\n\n\n\n<p>L'utilisateur d\u00e9clare qu'il est \u00e2g\u00e9 de plus de 18 ans et qu'il a la capacit\u00e9 juridique de conclure des contrats par l'interm\u00e9diaire de ce site web.<\/p>\n\n\n\n<p>Le site Web est destin\u00e9 principalement aux utilisateurs r\u00e9sidant en Espagne. mideer.es ne garantit pas que le site Web soit conforme aux lois d'autres pays, en tout ou en partie. mideer.es d\u00e9cline toute responsabilit\u00e9 pouvant d\u00e9couler de cet acc\u00e8s, et n'assure pas non plus la livraison ou la prestation de services en dehors de l'Espagne.<\/p>\n\n\n\n<p>L'Utilisateur pourra formaliser, \u00e0 son choix, avec mideer.es le contrat de vente des produits et\/ou services souhait\u00e9s dans n'importe laquelle des langues dans lesquelles les pr\u00e9sentes Conditions sont disponibles sur ce Site Web.<\/p>\n\n\n\n<h3 class=\"wp-block-heading\">3. PROCESSUS D'ACHAT OU D'ACQUISITION<\/h3>\n\n\n\n<p>Les utilisateurs d\u00fbment enregistr\u00e9s peuvent effectuer des achats sur le site Web par les moyens et de la mani\u00e8re \u00e9tablis. Il doit suivre la proc\u00e9dure d'achat et\/ou d'acquisition en ligne de www.mideer.es, au cours de laquelle diff\u00e9rents produits et\/ou services peuvent \u00eatre s\u00e9lectionn\u00e9s et ajout\u00e9s au panier, \u00e0 la corbeille ou \u00e0 l'espace d'achat final et, enfin, cliquer sur : \u00abAcheter\u00bb.\u00bb<\/p>\n\n\n\n<p>De m\u00eame, l'utilisateur doit remplir et\/ou v\u00e9rifier les informations demand\u00e9es \u00e0 chaque \u00e9tape, m\u00eame si, au cours du processus d'achat, avant d'effectuer le paiement, les donn\u00e9es de l'achat peuvent \u00eatre modifi\u00e9es.<\/p>\n\n\n\n<p>Par la suite, l'Utilisateur recevra un courrier \u00e9lectronique confirmant que mideer.es a re\u00e7u sa commande ou sa demande d'achat et\/ou de prestation de service, c'est-\u00e0-dire la confirmation de la commande. Et, le cas \u00e9ch\u00e9ant, vous serez \u00e9galement inform\u00e9 par courrier \u00e9lectronique de l'exp\u00e9dition de votre achat. Le cas \u00e9ch\u00e9ant, ces informations peuvent \u00e9galement \u00eatre mises \u00e0 la disposition de l'Utilisateur par le biais de son espace personnel de connexion sur le Site Internet.<\/p>\n\n\n\n<p>Une fois la proc\u00e9dure d'achat termin\u00e9e, l'utilisateur consent \u00e0 ce que le site Web g\u00e9n\u00e8re une facture \u00e9lectronique qui lui sera envoy\u00e9e par courrier \u00e9lectronique et, le cas \u00e9ch\u00e9ant, par le biais de son espace de connexion personnel sur le site Web. De m\u00eame, l'Utilisateur peut, s'il le souhaite, obtenir une copie papier de sa facture en la demandant \u00e0 mideer.es par le biais des espaces de contact du site Web ou des coordonn\u00e9es indiqu\u00e9es ci-dessus.<\/p>\n\n\n\n<p>L'Utilisateur reconna\u00eet avoir pris connaissance, au moment de l'achat, de certaines conditions particuli\u00e8res de vente concernant le produit et\/ou le service en question et qui figurent avec la pr\u00e9sentation ou, le cas \u00e9ch\u00e9ant, l'image du produit et\/ou du service sur la page du Site Internet, indiquant, \u00e0 titre d'exemple, mais de mani\u00e8re non exhaustive, et au cas par cas : le nom, le prix, les composants, le poids, la quantit\u00e9, la couleur, les d\u00e9tails des produits ou les caract\u00e9ristiques, la mani\u00e8re dont ils seront ex\u00e9cut\u00e9s et\/ou le co\u00fbt des services ; et reconna\u00eet que la passation de la commande d'achat ou l'acquisition mat\u00e9rialise l'acceptation pleine et enti\u00e8re des conditions particuli\u00e8res de vente applicables \u00e0 chaque cas.<\/p>\n\n\n\n<p>Sauf indication contraire expresse, mideer.es n'est pas le fabricant des produits vendus ou susceptibles d'\u00eatre commercialis\u00e9s sur le site Web. Bien que mideer.es s'efforce de garantir l'exactitude des informations figurant sur le site Web, l'emballage et\/ou les mat\u00e9riaux et\/ou les composants des produits peuvent parfois contenir des informations suppl\u00e9mentaires ou diff\u00e9rentes de celles qui figurent sur le site Web. Par cons\u00e9quent, l'utilisateur doit tenir compte non seulement des informations fournies par le site Web, mais aussi des informations disponibles sur l'\u00e9tiquetage, les avertissements et\/ou les instructions qui accompagnent le produit.<\/p>\n\n\n\n<h3 class=\"wp-block-heading\">4. DISPONIBILIT\u00c9<\/h3>\n\n\n\n<p>Toutes les commandes d'achat re\u00e7ues par mideer.es \u00e0 travers le site Web sont soumises \u00e0 la disponibilit\u00e9 des produits et\/ou \u00e0 l'absence de circonstances ou de cas de force majeure (clause neuf des pr\u00e9sentes conditions) affectant la fourniture des produits et\/ou la prestation des services. En cas de difficult\u00e9s dans la fourniture des produits ou en cas d'absence de produits en stock, mideer.es s'engage \u00e0 contacter l'Utilisateur et \u00e0 lui rembourser les sommes \u00e9ventuellement vers\u00e9es \u00e0 titre de paiement. Il en va de m\u00eame dans les cas o\u00f9 la prestation d'un service devient impossible.<\/p>\n\n\n\n<h3 class=\"wp-block-heading\">5. PRIX ET PAIEMENT<\/h3>\n\n\n\n<p>Les prix affich\u00e9s sur le Site sont des prix d\u00e9finitifs, en euros (\u20ac) et toutes taxes comprises, sauf mention contraire et application de la loi, notamment en ce qui concerne la TVA.<\/p>\n\n\n\n<p>Les frais d'exp\u00e9dition sont inclus dans les prix finaux des produits tels qu'ils apparaissent sur le site Web. Ainsi, mideer.es r\u00e9alise des services de livraison et\/ou d'exp\u00e9dition par l'interm\u00e9diaire de : Correos, UPS, SEUR.<\/p>\n\n\n\n<p>En aucun cas le site web n'ajoutera automatiquement des co\u00fbts suppl\u00e9mentaires au prix d'un produit ou d'un service, mais seulement ceux que l'utilisateur a volontairement et librement s\u00e9lectionn\u00e9s et choisis.<\/p>\n\n\n\n<p>Les prix peuvent \u00eatre modifi\u00e9s \u00e0 tout moment, mais ces modifications n'affecteront pas les commandes ou les achats pour lesquels l'utilisateur a d\u00e9j\u00e0 re\u00e7u une confirmation de commande.<\/p>\n\n\n\n<p>Les moyens de paiement accept\u00e9s sont les suivants Carte de cr\u00e9dit ou de d\u00e9bit<\/p>\n\n\n\n<p>En outre, l'utilisateur peut payer tout ou partie du prix d'achat avec une carte cadeau et\/ou une carte d'abonnement \u00e9mise par mideer.es et\/ou YAMANN Sp. z o.o.<\/p>\n\n\n\n<p>mideer.es met en \u0153uvre tous les moyens pour assurer la confidentialit\u00e9 et la s\u00e9curit\u00e9 des donn\u00e9es de paiement transmises par l'Utilisateur lors des transactions via le Site. A ce titre, le Site utilise un syst\u00e8me de paiement s\u00e9curis\u00e9 SSL (Secure Socket Layer).<\/p>\n\n\n\n<p>Si la banque \u00e9mettrice n'autorise pas le paiement, mideer.es ne sera pas responsable des retards ou de l'absence de livraison et ne pourra pas conclure de contrat avec l'utilisateur.<\/p>\n\n\n\n<p>Une fois que mideer.es aura re\u00e7u le bon de commande de l'utilisateur sur le site Web, une pr\u00e9-autorisation sera effectu\u00e9e sur la carte correspondante afin de s'assurer que les fonds sont suffisants pour r\u00e9aliser la transaction. Le d\u00e9bit de la carte sera effectu\u00e9 au moment o\u00f9 l'Utilisateur recevra la confirmation de l'envoi et\/ou la confirmation de la prestation du service selon les modalit\u00e9s et, le cas \u00e9ch\u00e9ant, le lieu \u00e9tablis.<\/p>\n\n\n\n<p>Si le moyen de paiement est une carte cadeau ou une carte de cr\u00e9dit, le d\u00e9bit sera effectu\u00e9 lorsque mideer.es enverra \u00e0 l'utilisateur la confirmation de la commande ou de l'achat de produits et\/ou de services.<\/p>\n\n\n\n<p>Dans tous les cas, en cliquant sur \u00abAcheter\u00bb, l'Utilisateur confirme que le moyen de paiement utilis\u00e9 est le sien ou que, le cas \u00e9ch\u00e9ant, il est le d\u00e9tenteur l\u00e9gitime de la carte cadeau ou de la carte d'abonnement.<\/p>\n\n\n\n<h3 class=\"wp-block-heading\">6. LIVRAISON<\/h3>\n\n\n\n<p>Dans les cas o\u00f9 la livraison physique des biens contractuels est requise, les livraisons seront effectu\u00e9es sur le territoire suivant : Espagne (p\u00e9ninsule et \u00eeles Bal\u00e9ares).<\/p>\n\n\n\n<p>\u00c0 l'exception des cas de circonstances impr\u00e9vues ou extraordinaires ou, le cas \u00e9ch\u00e9ant, d\u00e9coulant de la personnalisation des produits, la commande d'achat compos\u00e9e des produits \u00e9num\u00e9r\u00e9s dans chaque confirmation d'achat sera livr\u00e9e dans le d\u00e9lai indiqu\u00e9 sur le site web selon le mode d'exp\u00e9dition choisi par l'utilisateur et, dans tous les cas, dans un d\u00e9lai maximum de 30 jours calendaires \u00e0 compter de la date de la confirmation de la commande.<\/p>\n\n\n\n<p>Si pour une raison quelconque, dont elle est responsable, mideer.es ne peut respecter la date de livraison, elle contactera l'utilisateur pour l'en informer et celui-ci pourra choisir de poursuivre l'achat en fixant une nouvelle date de livraison ou d'annuler la commande avec un remboursement int\u00e9gral du prix pay\u00e9. Dans tous les cas, les livraisons \u00e0 domicile sont effectu\u00e9es les jours ouvrables.<\/p>\n\n\n\n<p>S'il est impossible de livrer la commande en raison de l'absence de l'utilisateur, la commande peut \u00eatre renvoy\u00e9e \u00e0 l'entrep\u00f4t. Toutefois, le transporteur laissera un avis expliquant o\u00f9 se trouve la commande et comment la faire r\u00e9exp\u00e9dier.<\/p>\n\n\n\n<p>Si l'utilisateur ne se pr\u00e9sente pas au lieu de livraison dans le cr\u00e9neau horaire convenu, il doit contacter mideer.es pour convenir d'une livraison un autre jour.<\/p>\n\n\n\n<p>Si 30 jours se sont \u00e9coul\u00e9s depuis que votre commande est disponible pour la livraison et qu'elle n'a pas \u00e9t\u00e9 livr\u00e9e pour des raisons non imputables \u00e0 mideer.es, mideer.es comprendra que l'Utilisateur souhaite se retirer du contrat et le contrat sera consid\u00e9r\u00e9 comme r\u00e9sili\u00e9. En cons\u00e9quence de la r\u00e9siliation du contrat, tous les paiements re\u00e7us de l'Utilisateur seront rembours\u00e9s, \u00e0 l'exception des frais suppl\u00e9mentaires r\u00e9sultant du choix par l'Utilisateur lui-m\u00eame d'un mode de livraison autre que le mode de livraison ordinaire le moins co\u00fbteux propos\u00e9 par le site Web, sans retard excessif et, en tout \u00e9tat de cause, dans un d\u00e9lai maximum de 14 jours calendaires \u00e0 compter de la date \u00e0 laquelle le contrat est consid\u00e9r\u00e9 comme r\u00e9sili\u00e9.<\/p>\n\n\n\n<p>Toutefois, l'utilisateur doit garder \u00e0 l'esprit que le transport d\u00e9riv\u00e9 de la r\u00e9solution peut avoir un co\u00fbt suppl\u00e9mentaire qui peut \u00eatre factur\u00e9 \u00e0 l'utilisateur.<\/p>\n\n\n\n<p>Aux fins des pr\u00e9sentes conditions, la livraison est r\u00e9put\u00e9e avoir eu lieu ou la commande avoir \u00e9t\u00e9 livr\u00e9e au moment o\u00f9 l'utilisateur ou un tiers d\u00e9sign\u00e9 par l'utilisateur prend mat\u00e9riellement possession des produits, ce qui est attest\u00e9 par la signature de la r\u00e9ception de la commande \u00e0 l'adresse de livraison convenue.<\/p>\n\n\n\n<p>Les risques li\u00e9s aux produits sont \u00e0 la charge de l'utilisateur \u00e0 compter de la livraison. L'utilisateur acquiert la propri\u00e9t\u00e9 des produits au moment o\u00f9 mideer.es re\u00e7oit le paiement int\u00e9gral de tous les montants dus dans le cadre de l'achat ou de l'acquisition effectu\u00e9e, y compris les frais d'exp\u00e9dition, ou au moment de la livraison, si celle-ci a lieu plus tard que la r\u00e9ception int\u00e9grale du montant pay\u00e9 par mideer.es.<\/p>\n\n\n\n<p>Conform\u00e9ment aux dispositions de la loi 37\/1992 du 28 d\u00e9cembre 1992 relative \u00e0 la taxe sur la valeur ajout\u00e9e (TVA), les commandes de livraison et\/ou de service sont r\u00e9put\u00e9es se situer sur le territoire o\u00f9 s'applique la TVA espagnole si l'adresse de livraison se trouve sur le territoire espagnol, \u00e0 l'exception des \u00eeles Canaries, de Ceuta et de Melilla. Le taux de TVA applicable sera celui l\u00e9galement en vigueur \u00e0 tout moment, en fonction de l'article sp\u00e9cifique en question.<\/p>\n\n\n\n<h3 class=\"wp-block-heading\">7. LES MOYENS TECHNIQUES POUR CORRIGER LES ERREURS<\/h3>\n\n\n\n<p>L'Utilisateur est inform\u00e9 que s'il d\u00e9tecte une erreur lors de la saisie des donn\u00e9es n\u00e9cessaires au traitement de sa demande d'achat sur le Site Internet, il pourra les modifier en contactant mideer.es \u00e0 travers les espaces de contact pr\u00e9vus sur le Site Internet et, le cas \u00e9ch\u00e9ant, ceux pr\u00e9vus pour contacter le service client\u00e8le, et\/ou en utilisant les coordonn\u00e9es indiqu\u00e9es dans la premi\u00e8re clause (Informations G\u00e9n\u00e9rales). De m\u00eame, ces informations peuvent \u00eatre corrig\u00e9es par l'Utilisateur \u00e0 travers son espace personnel de connexion sur le Site Internet.<\/p>\n\n\n\n<p>En tout \u00e9tat de cause, l'Utilisateur, avant de cliquer sur \u00abAcheter\u00bb, a acc\u00e8s \u00e0 l'espace, au panier ou \u00e0 la corbeille o\u00f9 sont enregistr\u00e9es ses demandes d'achat et peut y apporter des modifications.<\/p>\n\n\n\n<p>De m\u00eame, l'Utilisateur est invit\u00e9 \u00e0 consulter les Mentions l\u00e9gales et les Conditions g\u00e9n\u00e9rales d'utilisation et, sp\u00e9cifiquement, la Politique de confidentialit\u00e9 pour obtenir plus d'informations sur la fa\u00e7on d'exercer son droit de rectification \u00e9tabli dans le R\u00e8glement (UE) 2016\/679 du Parlement europ\u00e9en et du Conseil du 27 avril 2016 relatif \u00e0 la protection des personnes physiques \u00e0 l'\u00e9gard du traitement des donn\u00e9es \u00e0 caract\u00e8re personnel et \u00e0 la libre circulation de ces donn\u00e9es (RGPD) et dans la Loi organique 3\/2018 du 5 d\u00e9cembre relative \u00e0 la protection des donn\u00e9es \u00e0 caract\u00e8re personnel et \u00e0 la garantie des droits num\u00e9riques.<\/p>\n\n\n\n<h3 class=\"wp-block-heading\">8. RETOURS<\/h3>\n\n\n\n<p>Lorsque l'utilisateur ach\u00e8te des produits sur ou par l'interm\u00e9diaire du site web du propri\u00e9taire, il b\u00e9n\u00e9ficie d'un certain nombre de droits, \u00e9num\u00e9r\u00e9s et d\u00e9crits ci-dessous :<\/p>\n\n\n\n<h4 class=\"wp-block-heading\">Droit de r\u00e9tractation<\/h4>\n\n\n\n<p>L'utilisateur, en tant que consommateur et utilisateur, effectue un achat sur le site web et a donc le droit d'annuler l'achat dans un d\u00e9lai de 14 jours calendaires sans donner de raison.<\/p>\n\n\n\n<p>Ce d\u00e9lai de r\u00e9tractation expire 14 jours calendrier apr\u00e8s le jour o\u00f9 l'Utilisateur ou un tiers autoris\u00e9 par l'Utilisateur, autre que le transporteur, a pris mat\u00e9riellement possession des biens achet\u00e9s sur le site mideer.es, ou dans le cas o\u00f9 les biens composant la commande sont livr\u00e9s s\u00e9par\u00e9ment, 14 jours calendaires \u00e0 compter du jour o\u00f9 l'Utilisateur ou un tiers autoris\u00e9 par l'Utilisateur, autre que le transporteur, a pris mat\u00e9riellement possession du dernier de ces biens composant la m\u00eame commande d'achat, ou dans le cas d'un contrat de service, 14 jours calendaires \u00e0 compter du jour de la conclusion du contrat.<\/p>\n\n\n\n<p>Pour exercer ce droit de r\u00e9tractation, l'Utilisateur doit notifier sa d\u00e9cision \u00e0 mideer.es. Il peut le faire, le cas \u00e9ch\u00e9ant, par le biais des espaces de contact pr\u00e9vus sur le site Web.<\/p>\n\n\n\n<p>L'Utilisateur, quel que soit le moyen qu'il choisit pour communiquer sa d\u00e9cision, doit exprimer clairement et sans \u00e9quivoque qu'il a l'intention de se r\u00e9tracter du contrat d'achat. Dans tous les cas, l'Utilisateur peut utiliser le mod\u00e8le de formulaire de r\u00e9tractation que mideer.es met \u00e0 sa disposition en annexe des pr\u00e9sentes Conditions, mais son utilisation n'est pas obligatoire.<\/p>\n\n\n\n<p>Pour que le d\u00e9lai de r\u00e9tractation soit respect\u00e9, il suffit que la communication exprimant sans \u00e9quivoque la d\u00e9cision de se r\u00e9tracter soit envoy\u00e9e avant l'expiration du d\u00e9lai de r\u00e9tractation.<\/p>\n\n\n\n<p>En cas de r\u00e9tractation, mideer.es remboursera \u00e0 l'Utilisateur tous les paiements re\u00e7us, y compris les frais d'exp\u00e9dition (\u00e0 l'exception des frais suppl\u00e9mentaires choisis par l'Utilisateur pour un mode d'exp\u00e9dition autre que le mode le moins co\u00fbteux propos\u00e9 sur le Site Internet) sans retard excessif et, en tout \u00e9tat de cause, au plus tard 14 jours calendaires \u00e0 compter de la date \u00e0 laquelle mideer.es est inform\u00e9e de la d\u00e9cision de l'Utilisateur de se r\u00e9tracter.<\/p>\n\n\n\n<p>mideer.es remboursera l'Utilisateur en utilisant le m\u00eame moyen de paiement que celui utilis\u00e9 par l'Utilisateur pour effectuer la transaction d'achat initiale. Ce remboursement ne g\u00e9n\u00e9rera aucun co\u00fbt suppl\u00e9mentaire pour l'Utilisateur. Toutefois, mideer.es pourra diff\u00e9rer le remboursement jusqu'\u00e0 r\u00e9ception des produits ou articles de l'achat, ou jusqu'\u00e0 ce que l'Utilisateur apporte la preuve de leur retour, selon la condition qui sera remplie en premier.<\/p>\n\n\n\n<p>L'utilisateur peut retourner ou envoyer les produits \u00e0 mideer.es \u00e0 l'adresse suivante : Adresse de retour<\/p>\n\n\n\n<p>Il doit le faire sans retard excessif et, en tout \u00e9tat de cause, au plus tard 14 jours calendaires \u00e0 compter de la date \u00e0 laquelle mideer.es a \u00e9t\u00e9 inform\u00e9 de la d\u00e9cision de r\u00e9tractation.<\/p>\n\n\n\n<p>L'utilisateur reconna\u00eet \u00eatre conscient qu'il doit supporter les frais directs de renvoi des marchandises (transport, livraison), le cas \u00e9ch\u00e9ant. En outre, il est responsable de la d\u00e9pr\u00e9ciation des produits r\u00e9sultant de manipulations autres que celles n\u00e9cessaires pour \u00e9tablir la nature, les caract\u00e9ristiques et le fonctionnement des biens.<\/p>\n\n\n\n<p>L'utilisateur reconna\u00eet qu'il existe des exceptions au droit de r\u00e9tractation, conform\u00e9ment \u00e0 l'article 103 du d\u00e9cret royal l\u00e9gislatif 1\/2007, du 16 novembre, qui approuve le texte r\u00e9vis\u00e9 de la loi g\u00e9n\u00e9rale pour la d\u00e9fense des consommateurs et des utilisateurs et d'autres lois compl\u00e9mentaires. \u00c0 titre d'exemple, et de mani\u00e8re non exhaustive, il s'agit des produits personnalis\u00e9s, des produits susceptibles de se d\u00e9t\u00e9riorer ou de se p\u00e9rimer rapidement, des CD\/DVD de musique ou de vid\u00e9o sans leur emballage, tel que scell\u00e9 \u00e0 l'usine, des produits qui, pour des raisons d'hygi\u00e8ne ou de sant\u00e9, sont scell\u00e9s et ont \u00e9t\u00e9 descell\u00e9s apr\u00e8s la livraison, de la fourniture d'un contenu num\u00e9rique sans support physique.<\/p>\n\n\n\n<p>Il en va de m\u00eame pour la prestation d'un service que l'utilisateur peut contracter sur ce site Web, \u00e9tant donn\u00e9 que cette m\u00eame loi \u00e9tablit que l'utilisateur n'aura pas le droit de r\u00e9tractation lorsque la prestation du service a \u00e9t\u00e9 compl\u00e8tement ex\u00e9cut\u00e9e, ou lorsqu'elle a commenc\u00e9, avec le consentement expr\u00e8s du consommateur et de l'utilisateur et avec la reconnaissance de leur part qu'ils sont conscients qu'une fois le contrat compl\u00e8tement ex\u00e9cut\u00e9 par mideer.es, ils auront perdu leur droit de r\u00e9tractation.<\/p>\n\n\n\n<p>En tout \u00e9tat de cause, aucun remboursement ne sera effectu\u00e9 si le produit a \u00e9t\u00e9 utilis\u00e9 au-del\u00e0 de la simple ouverture du produit, de produits qui ne sont pas dans le m\u00eame \u00e9tat que celui dans lequel ils ont \u00e9t\u00e9 livr\u00e9s ou qui ont subi des dommages apr\u00e8s la livraison.<\/p>\n\n\n\n<p>Les produits doivent \u00e9galement \u00eatre retourn\u00e9s en utilisant ou en incluant tous les emballages d'origine, les instructions et autres documents d'accompagnement, ainsi qu'une copie de la facture d'achat.<\/p>\n\n\n\n<p>Le formulaire d'annulation du mod\u00e8le peut \u00eatre t\u00e9l\u00e9charg\u00e9 \u00e0 partir du lien suivant : https:\/\/www.mideer.es\/desestimiento<\/p>\n\n\n\n<h4 class=\"wp-block-heading\">Retour de produits d\u00e9fectueux ou erreur de livraison<\/h4>\n\n\n\n<p>Il s'agit de tous les cas o\u00f9 l'Utilisateur consid\u00e8re que, au moment de la livraison, le produit n'est pas conforme \u00e0 ce qui a \u00e9t\u00e9 stipul\u00e9 dans le contrat ou le bon de commande, et doit donc contacter imm\u00e9diatement mideer.es et l'informer de la non-conformit\u00e9 existante (d\u00e9faut\/erreur) par le m\u00eame moyen ou en utilisant les coordonn\u00e9es fournies dans la section pr\u00e9c\u00e9dente (Droit de r\u00e9tractation).<\/p>\n\n\n\n<p>L'utilisateur sera alors inform\u00e9 de la mani\u00e8re de proc\u00e9der au retour des produits, qui, une fois retourn\u00e9s, seront examin\u00e9s et l'utilisateur sera inform\u00e9, dans un d\u00e9lai raisonnable, de l'opportunit\u00e9 du remboursement ou, le cas \u00e9ch\u00e9ant, du remplacement du produit.<\/p>\n\n\n\n<p>Le remboursement ou le remplacement du produit sera effectu\u00e9 dans les meilleurs d\u00e9lais et, en tout \u00e9tat de cause, dans les 14 jours suivant la date \u00e0 laquelle nous vous avons envoy\u00e9 un courrier \u00e9lectronique confirmant le remboursement ou le remplacement de l'article non conforme.<\/p>\n\n\n\n<p>Le montant pay\u00e9 pour les produits retourn\u00e9s en raison d'un d\u00e9faut, lorsqu'il existe r\u00e9ellement, sera rembours\u00e9 int\u00e9gralement, y compris les frais de livraison et les frais que l'utilisateur a pu encourir pour effectuer le retour. Le remboursement sera effectu\u00e9 par le m\u00eame moyen de paiement que celui utilis\u00e9 par l'utilisateur pour r\u00e9gler l'achat.<\/p>\n\n\n\n<p>Dans tous les cas, les droits reconnus par la l\u00e9gislation en vigueur \u00e0 tout moment pour l'utilisateur, en tant que consommateur et utilisateur, seront toujours d'application.<\/p>\n\n\n\n<h4 class=\"wp-block-heading\">Garanties<\/h4>\n\n\n\n<p>L'utilisateur, en tant que consommateur et utilisateur, b\u00e9n\u00e9ficie de garanties sur les produits qui peuvent \u00eatre achet\u00e9s \u00e0 travers ce site Web, dans les termes l\u00e9galement \u00e9tablis pour chaque type de produit, r\u00e9pondant \u00e0 mideer.es, par cons\u00e9quent, pour le d\u00e9faut de conformit\u00e9 du m\u00eame qui est manifest\u00e9 dans une p\u00e9riode de trois ans \u00e0 partir de la livraison du produit.<\/p>\n\n\n\n<p>Dans ce sens, il est entendu que les produits sont conformes au contrat si : ils sont conformes \u00e0 la description faite par mideer.es et poss\u00e8dent les qualit\u00e9s qui y sont pr\u00e9sent\u00e9es ; ils sont adapt\u00e9s aux usages auxquels sont normalement destin\u00e9s les produits du m\u00eame type ; et ils pr\u00e9sentent la qualit\u00e9 et les performances habituelles d'un produit du m\u00eame type et qu'ils sont fondamentalement attendus de ce dernier. Lorsque ce n'est pas le cas en ce qui concerne les produits livr\u00e9s \u00e0 l'utilisateur, ce dernier doit proc\u00e9der comme indiqu\u00e9 dans la section Retour des produits d\u00e9fectueux ou des erreurs de livraison. Toutefois, certains des produits commercialis\u00e9s sur le site Web peuvent pr\u00e9senter des caract\u00e9ristiques non homog\u00e8nes, pour autant que celles-ci d\u00e9coulent du type de mat\u00e9riau \u00e0 partir duquel ils ont \u00e9t\u00e9 fabriqu\u00e9s, et qui feront donc partie de l'aspect individuel du produit, et ne constitueront pas un d\u00e9faut.<\/p>\n\n\n\n<p>D'autre part, il se peut que l'Utilisateur acqui\u00e8re sur le Site un produit d'une marque ou fabriqu\u00e9 par un tiers. Dans ce cas, et consid\u00e9rant qu'il s'agit d'un produit d\u00e9fectueux, l'Utilisateur a \u00e9galement la possibilit\u00e9 de contacter la marque ou le fabricant responsable du produit pour savoir comment exercer ses droits de garantie l\u00e9gale directement \u00e0 leur encontre pendant les trois ann\u00e9es suivant la livraison desdits produits. Pour ce faire, l'Utilisateur doit avoir conserv\u00e9 toutes les informations relatives \u00e0 la garantie des produits.<\/p>\n\n\n\n<p>Toutefois, pour en savoir plus sur le service apr\u00e8s-vente que mideer.es offre aux utilisateurs du site Web, vous pouvez le consulter \u00e0 l'adresse suivante : https:\/\/www.mideer.es\/soporte.<\/p>\n\n\n\n<h3 class=\"wp-block-heading\">9. CLAUSE DE NON-RESPONSABILIT\u00c9<\/h3>\n\n\n\n<p>Sauf disposition l\u00e9gale contraire, mideer.es d\u00e9cline toute responsabilit\u00e9 pour les pertes suivantes, quelle qu'en soit l'origine :<\/p>\n\n\n\n<ul class=\"wp-block-list\">\n<li>les pertes qui ne sont pas imputables \u00e0 un manquement de sa part ;<\/li>\n\n\n\n<li>des pertes commerciales (y compris la perte de b\u00e9n\u00e9fices, de revenus, de contrats, d'\u00e9conomies anticip\u00e9es, de donn\u00e9es, la perte de fonds de commerce ou les d\u00e9penses inutiles encourues) ; ou de<\/li>\n\n\n\n<li>tout autre dommage indirect qui n'\u00e9tait pas raisonnablement pr\u00e9visible par les deux parties au moment o\u00f9 le contrat de vente des marchandises a \u00e9t\u00e9 conclu entre elles.<\/li>\n<\/ul>\n\n\n\n<p>De m\u00eame, mideer.es limite sa responsabilit\u00e9 dans les cas suivants :<\/p>\n\n\n\n<ul class=\"wp-block-list\">\n<li>mideer.es applique toutes les mesures n\u00e9cessaires pour fournir une visualisation fid\u00e8le du produit sur le site Web, mais n'est pas responsable des moindres diff\u00e9rences ou inexactitudes qui peuvent exister en raison d'un manque de r\u00e9solution de l'\u00e9cran, de probl\u00e8mes du navigateur utilis\u00e9 ou d'autres probl\u00e8mes de cette nature.<\/li>\n\n\n\n<li>mideer.es agira avec la plus grande diligence afin de mettre \u00e0 disposition de l'entreprise charg\u00e9e du transport du produit objet de la commande. Cependant, elle n'est pas responsable des dommages r\u00e9sultant d'un mauvais fonctionnement du transport, en particulier pour des causes telles que les gr\u00e8ves, les retards sur les routes et, en g\u00e9n\u00e9ral, toute autre cause typique du secteur, entra\u00eenant des retards, la perte ou le vol du produit.<\/li>\n\n\n\n<li>Les d\u00e9faillances techniques qui, pour des raisons fortuites ou autres, emp\u00eachent le fonctionnement normal du service par le biais d'Internet. mideer.es met en \u0153uvre tous les moyens \u00e0 sa disposition pour mener \u00e0 bien le processus d'achat, de paiement et d'exp\u00e9dition\/livraison des produits, mais n'est pas responsable des causes qui ne lui sont pas imputables, des cas fortuits ou des cas de force majeure.<\/li>\n\n\n\n<li>mideer.es ne sera pas responsable de la mauvaise utilisation et\/ou de l'usure des produits utilis\u00e9s par l'utilisateur. De m\u00eame, mideer.es ne sera pas responsable d'un retour erron\u00e9 effectu\u00e9 par l'utilisateur. Il incombe \u00e0 l'utilisateur de renvoyer le bon produit.<\/li>\n\n\n\n<li>En g\u00e9n\u00e9ral, mideer.es ne sera pas responsable de tout manquement ou retard dans l'ex\u00e9cution de l'une des obligations assum\u00e9es, lorsque cela est d\u00fb \u00e0 des \u00e9v\u00e9nements \u00e9chappant \u00e0 son contr\u00f4le raisonnable, c'est-\u00e0-dire \u00e0 des cas de force majeure, ce qui peut inclure, mais sans s'y limiter :\n<ul class=\"wp-block-list\">\n<li>Gr\u00e8ves, lock-out ou autres actions syndicales.<\/li>\n\n\n\n<li>Troubles civils, \u00e9meutes, invasion, menace ou attaque terroriste, guerre (d\u00e9clar\u00e9e ou non) ou menace ou pr\u00e9paration de guerre.<\/li>\n\n\n\n<li>Incendie, explosion, temp\u00eate, inondation, tremblement de terre, affaissement, \u00e9pid\u00e9mie ou toute autre catastrophe naturelle.<\/li>\n\n\n\n<li>Incapacit\u00e9 d'utiliser le train, le bateau, l'avion, le transport motoris\u00e9 ou d'autres moyens de transport, publics ou priv\u00e9s.<\/li>\n\n\n\n<li>Impossibilit\u00e9 d'utiliser les syst\u00e8mes de t\u00e9l\u00e9communications publics ou priv\u00e9s.<\/li>\n\n\n\n<li>Actes, d\u00e9crets, l\u00e9gislations, r\u00e9glementations ou restrictions de tout gouvernement ou autorit\u00e9 publique.<\/li>\n<\/ul>\n<\/li>\n<\/ul>\n\n\n\n<p>Ainsi, les obligations seront suspendues pendant la p\u00e9riode o\u00f9 la cause de force majeure perdure, et mideer.es disposera d'un d\u00e9lai suppl\u00e9mentaire pour les ex\u00e9cuter pendant une p\u00e9riode \u00e9gale \u00e0 la dur\u00e9e de la cause de force majeure. mideer.es mettra en \u0153uvre tous les moyens raisonnables pour trouver une solution qui lui permette d'ex\u00e9cuter ses obligations malgr\u00e9 la cause de force majeure.<\/p>\n\n\n\n<h3 class=\"wp-block-heading\">10. COMMUNICATIONS ET NOTIFICATIONS \u00c9CRITES<\/h3>\n\n\n\n<p>En utilisant ce site Web, l'utilisateur accepte que la plupart des communications avec mideer.es se fassent par voie \u00e9lectronique (courrier \u00e9lectronique ou avis publi\u00e9s sur le site Web).<\/p>\n\n\n\n<p>\u00c0 des fins contractuelles, l'utilisateur consent \u00e0 utiliser ce moyen de communication \u00e9lectronique et reconna\u00eet que tous les contrats, notifications, informations et autres communications envoy\u00e9s par voie \u00e9lectronique par mideer.es respectent les exigences l\u00e9gales en mati\u00e8re de forme \u00e9crite. Cette condition n'affectera pas les droits reconnus par la loi \u00e0 l'utilisateur.<\/p>\n\n\n\n<p>L'Utilisateur peut envoyer des notifications et\/ou communiquer avec mideer.es \u00e0 travers les coordonn\u00e9es fournies dans les pr\u00e9sentes Conditions et, le cas \u00e9ch\u00e9ant, \u00e0 travers les espaces de contact du Site Internet.<\/p>\n\n\n\n<p>De m\u00eame, sauf stipulation contraire, mideer.es pourra contacter et\/ou notifier l'Utilisateur par courrier \u00e9lectronique ou \u00e0 l'adresse postale fournie.<\/p>\n\n\n\n<h3 class=\"wp-block-heading\">11. D\u00c9MISSION<\/h3>\n\n\n\n<p>Le fait que mideer.es renonce \u00e0 un droit ou \u00e0 un recours sp\u00e9cifique ou qu'il n'exige pas le strict respect par l'utilisateur de l'une quelconque de ses obligations ne constitue pas une renonciation \u00e0 tout autre droit ou recours d\u00e9coulant d'un contrat ou des Conditions, et n'exon\u00e8re pas l'utilisateur du respect de ses obligations.<\/p>\n\n\n\n<p>Aucune renonciation de la part de mideer.es \u00e0 l'une des pr\u00e9sentes Conditions ou aux droits ou actions d\u00e9coulant d'un contrat ne sera effective, \u00e0 moins qu'il ne soit express\u00e9ment indiqu\u00e9 qu'il s'agit d'une renonciation et qu'elle soit formalis\u00e9e et communiqu\u00e9e \u00e0 l'Utilisateur par \u00e9crit.<\/p>\n\n\n\n<h3 class=\"wp-block-heading\">12. NULLIT\u00c9<\/h3>\n\n\n\n<p>Si l'une des pr\u00e9sentes conditions est d\u00e9clar\u00e9e nulle et non avenue par une d\u00e9cision d\u00e9finitive d'une autorit\u00e9 comp\u00e9tente, les autres clauses resteront en vigueur, sans \u00eatre affect\u00e9es par cette d\u00e9claration de nullit\u00e9.<\/p>\n\n\n\n<h3 class=\"wp-block-heading\">13. ACCORD COMPLET<\/h3>\n\n\n\n<p>Les pr\u00e9sentes Conditions et tout document auquel il est fait express\u00e9ment r\u00e9f\u00e9rence dans celles-ci constituent l'int\u00e9gralit\u00e9 de l'accord existant entre l'Utilisateur et mideer.es en ce qui concerne l'objet de la vente et de l'achat et remplacent tout autre pacte, accord ou promesse ant\u00e9rieurs convenus verbalement ou par \u00e9crit par les m\u00eames parties.<\/p>\n\n\n\n<p>L'Utilisateur et mideer.es reconnaissent avoir consenti \u00e0 la conclusion d'un contrat sans s'\u00eatre appuy\u00e9s sur une quelconque d\u00e9claration ou promesse faite par l'autre partie, \u00e0 l'exception de ce qui est express\u00e9ment mentionn\u00e9 dans les pr\u00e9sentes Conditions.<\/p>\n\n\n\n<h3 class=\"wp-block-heading\">14. PROTECTION DES DONN\u00c9ES<\/h3>\n\n\n\n<p>Les informations ou les donn\u00e9es personnelles que l'utilisateur fournit \u00e0 mideer.es dans le cadre d'une transaction sur le site Web seront trait\u00e9es conform\u00e9ment aux dispositions de la politique de confidentialit\u00e9 ou de protection des donn\u00e9es (contenues, le cas \u00e9ch\u00e9ant, dans l'avis juridique et les conditions g\u00e9n\u00e9rales d'utilisation). En acc\u00e9dant, en naviguant et\/ou en utilisant le site Web, l'utilisateur consent au traitement de ces informations et donn\u00e9es et d\u00e9clare que toutes les informations ou donn\u00e9es fournies sont v\u00e9ridiques.<\/p>\n\n\n\n<h3 class=\"wp-block-heading\">15. DROIT APPLICABLE ET JURIDICTION<\/h3>\n\n\n\n<p>L'acc\u00e8s, la navigation et\/ou l'utilisation de ce site Web et les contrats d'achat de produits par son interm\u00e9diaire sont r\u00e9gis par la l\u00e9gislation espagnole.<\/p>\n\n\n\n<p>Toute controverse, tout probl\u00e8me ou tout d\u00e9saccord survenant ou li\u00e9 \u00e0 l'acc\u00e8s, \u00e0 la navigation et\/ou \u00e0 l'utilisation du site Web, ou \u00e0 l'interpr\u00e9tation et \u00e0 l'ex\u00e9cution des pr\u00e9sentes conditions, ou aux contrats de vente conclus entre mideer.es et l'utilisateur, sera soumis \u00e0 la juridiction non exclusive des cours et tribunaux espagnols.<\/p>\n\n\n\n<h3 class=\"wp-block-heading\">16. PLAINTES ET R\u00c9CLAMATIONS<\/h3>\n\n\n\n<p>Les utilisateurs peuvent envoyer leurs plaintes, r\u00e9clamations ou tout autre commentaire \u00e0 mideer.es en utilisant les coordonn\u00e9es indiqu\u00e9es au d\u00e9but des pr\u00e9sentes conditions (informations g\u00e9n\u00e9rales).<\/p>\n\n\n\n<p>En outre, mideer.es met \u00e0 la disposition des consommateurs et des utilisateurs des formulaires officiels de r\u00e9clamation qu'ils peuvent demander \u00e0 mideer.es \u00e0 tout moment, en utilisant les coordonn\u00e9es indiqu\u00e9es au d\u00e9but des pr\u00e9sentes conditions (informations g\u00e9n\u00e9rales).<\/p>\n\n\n\n<p>En outre, si un litige r\u00e9sulte de la conclusion de ce contrat d'achat entre mideer.es et l'Utilisateur, l'Utilisateur en tant que consommateur peut demander une r\u00e9solution extrajudiciaire des litiges conform\u00e9ment au R\u00e8glement (UE) 524\/2013 du Parlement europ\u00e9en et du Conseil du 21 mai 2013 relatif au r\u00e8glement en ligne des litiges de consommation et modifiant le r\u00e8glement (CE) 2006\/2004 et la directive 2009\/22\/CE. Vous pouvez acc\u00e9der \u00e0 cette m\u00e9thode via le site web suivant : https:\/\/ec.europa.eu\/consumers\/odr\/.<\/p>","protected":false},"excerpt":{"rendered":"<p>AVISO LEGAL Y CONDICIONES GENERALES DE USO www.mideer.es I. INFORMACI\u00d3N GENERAL En cumplimiento con el deber de informaci\u00f3n dispuesto en<\/p>","protected":false},"author":1,"featured_media":0,"parent":0,"menu_order":0,"comment_status":"closed","ping_status":"closed","template":"","meta":{"om_disable_all_campaigns":false,"_monsterinsights_skip_tracking":false,"_monsterinsights_sitenote_active":false,"_monsterinsights_sitenote_note":"","_monsterinsights_sitenote_category":0,"footnotes":"","_links_to":"","_links_to_target":""},"class_list":["post-1096","page","type-page","status-publish","hentry"],"aioseo_notices":[],"_links":{"self":[{"href":"https:\/\/mideer.store\/fr\/wp-json\/wp\/v2\/pages\/1096","targetHints":{"allow":["GET"]}}],"collection":[{"href":"https:\/\/mideer.store\/fr\/wp-json\/wp\/v2\/pages"}],"about":[{"href":"https:\/\/mideer.store\/fr\/wp-json\/wp\/v2\/types\/page"}],"author":[{"embeddable":true,"href":"https:\/\/mideer.store\/fr\/wp-json\/wp\/v2\/users\/1"}],"replies":[{"embeddable":true,"href":"https:\/\/mideer.store\/fr\/wp-json\/wp\/v2\/comments?post=1096"}],"version-history":[{"count":5,"href":"https:\/\/mideer.store\/fr\/wp-json\/wp\/v2\/pages\/1096\/revisions"}],"predecessor-version":[{"id":1368,"href":"https:\/\/mideer.store\/fr\/wp-json\/wp\/v2\/pages\/1096\/revisions\/1368"}],"wp:attachment":[{"href":"https:\/\/mideer.store\/fr\/wp-json\/wp\/v2\/media?parent=1096"}],"curies":[{"name":"wp","href":"https:\/\/api.w.org\/{rel}","templated":true}]}}